{"id":36341,"date":"2022-09-06T16:56:38","date_gmt":"2022-09-06T14:56:38","guid":{"rendered":"https:\/\/www.asta.rwth-aachen.de\/?page_id=36341"},"modified":"2022-09-06T17:01:55","modified_gmt":"2022-09-06T15:01:55","slug":"stone-tablets-to-the-1st-world-war","status":"publish","type":"page","link":"https:\/\/www.asta.rwth-aachen.de\/en\/stone-tablets-to-the-1st-world-war\/","title":{"rendered":"Stone tablets to the 1st World War"},"content":{"rendered":"<p>[et_pb_section fb_built=&#8221;1&#8243; _builder_version=&#8221;4.16&#8243; locked=&#8221;off&#8221; collapsed=&#8221;off&#8221; global_colors_info=&#8221;{}&#8221;][et_pb_row column_structure=&#8221;1_2,1_2&#8243; _builder_version=&#8221;4.16&#8243; background_size=&#8221;initial&#8221; background_position=&#8221;top_left&#8221; background_repeat=&#8221;repeat&#8221; custom_padding=&#8221;||6px|||&#8221; global_colors_info=&#8221;{}&#8221;][et_pb_column type=&#8221;1_2&#8243; _builder_version=&#8221;4.16&#8243; custom_padding=&#8221;|||&#8221; global_colors_info=&#8221;{}&#8221; custom_padding__hover=&#8221;|||&#8221;][et_pb_text _builder_version=&#8221;4.17.4&#8243; _module_preset=&#8221;default&#8221; global_colors_info=&#8221;{}&#8221;]<\/p>\n<h2>Stone tablets to the 1st World War<\/h2>\n<p>[\/et_pb_text][\/et_pb_column][et_pb_column type=&#8221;1_2&#8243; _builder_version=&#8221;4.16&#8243; custom_padding=&#8221;|||&#8221; global_colors_info=&#8221;{}&#8221; custom_padding__hover=&#8221;|||&#8221;][et_pb_text _builder_version=&#8221;4.17.4&#8243; _module_preset=&#8221;default&#8221; global_colors_info=&#8221;{}&#8221;][\/et_pb_text][\/et_pb_column][\/et_pb_row][et_pb_row column_structure=&#8221;2_3,1_3&#8243; _builder_version=&#8221;4.16&#8243; _module_preset=&#8221;default&#8221; custom_padding=&#8221;0px|||||&#8221; global_colors_info=&#8221;{}&#8221;][et_pb_column type=&#8221;2_3&#8243; _builder_version=&#8221;4.16&#8243; _module_preset=&#8221;default&#8221; global_colors_info=&#8221;{}&#8221;][et_pb_text _builder_version=&#8221;4.17.4&#8243; _module_preset=&#8221;default&#8221; global_colors_info=&#8221;{}&#8221;]<\/p>\n<p>Anyone who enters the main building of the RWTH, at Templergraben 55 next to Super C, and climbs the stairs to Aula I, past the Rector&#8217;s Office, walks directly toward the RWTH&#8217;s most central memorial. The inscription &#8220;Als es galt f\u00fcrs Vaterland, treu die Klinge war zur Hand, war es auch zum letzten Gang&#8221; (When it was time for the fatherland, the blade was faithfully at hand, even if it was for the last course) is emblazoned above the door. Below it are some 170 names carved into large stone slabs, members of the RWTH who died in World War One. As the university&#8217;s most present place of remembrance, in the main building, just a few meters from the Rector&#8217;s office, in the heart of the RWTH campus, the plaques have been the cause of controversy within the student body and between the student body and the university on several occasions. The history, time and circumstances of their creation were unclear for a long time after the Second World War and could only be clarified in more detail in the 1990s.<\/p>\n<p>After a description of the history and circumstances of the creation of the plaques, this article will also describe the later handling and criticism towards the memorial. More than a historical classification, however, it is also about a look at the culture of remembrance of the RWTH, the handling of its own role in the First World War and the lapses. The final question is how to deal with the fallen of the First World War and with the stone plaques in the main building in a contemporary way.<\/p>\n<p>&nbsp;<\/p>\n<p>[\/et_pb_text][\/et_pb_column][et_pb_column type=&#8221;1_3&#8243; _builder_version=&#8221;4.16&#8243; _module_preset=&#8221;default&#8221; global_colors_info=&#8221;{}&#8221;][\/et_pb_column][\/et_pb_row][et_pb_row column_structure=&#8221;2_3,1_3&#8243; _builder_version=&#8221;4.16&#8243; _module_preset=&#8221;default&#8221; custom_padding=&#8221;0px|||||&#8221; global_colors_info=&#8221;{}&#8221;][et_pb_column type=&#8221;2_3&#8243; _builder_version=&#8221;4.16&#8243; _module_preset=&#8221;default&#8221; global_colors_info=&#8221;{}&#8221;][et_pb_text _builder_version=&#8221;4.17.4&#8243; _module_preset=&#8221;default&#8221; hover_enabled=&#8221;0&#8243; global_colors_info=&#8221;{}&#8221; sticky_enabled=&#8221;0&#8243;]<\/p>\n<p><strong><span style=\"text-decoration: underline;\">The RWTH in the First World War<\/span><\/strong><\/p>\n<p>When the First World War broke out on July 28, 1914, there was also a great willingness among students and other members of the RWTH to go to war. As at many universities in the Empire, the start of the war triggered &#8220;a wave of national pathos and enthusiasm for war&#8221; in Aachen as well. The political orientation of students, especially in corporations (fraternities), can be described in particular as &#8220;loyal to the Kaiser, anti-democratic, antisemitic [&#8230;] and anti-French.&#8221; 1 For many, the fulfillment of the duty to defend the fatherland was the central motive for going to war; the proximity to the border in Aachen in particular probably reinforced this. 5,6<\/p>\n<p>Shortly after the outbreak of the war, on August 1, 1914, the then rector of the RWTH, Adolf Wallichs, called for participation in the war in the &#8220;Echo der Gegenwart,&#8221; a Catholic daily newspaper that also attracted national attention:<\/p>\n<p style=\"text-align: center;\"><i>Fellow students! In a difficult hour, the king calls the people to arms in defense of the beloved fatherland. Enthusiastically we follow this call! Boys out! If it is a matter of the fatherland, then faithfully the blades to the hand! You have sung so often, make this vow quickly into action! For we have enemies all around us. Thanks to our people&#8217;s strength we will defeat them, if all citizens are on the spot. Students, don&#8217;t miss! Let&#8217;s get to work! Fellow students, who have not yet been drafted into the army, sign up for voluntary enlistment! The list is available at the castellan in the main building.<\/i><\/p>\n<p>[\/et_pb_text][\/et_pb_column][et_pb_column type=&#8221;1_3&#8243; _builder_version=&#8221;4.16&#8243; _module_preset=&#8221;default&#8221; global_colors_info=&#8221;{}&#8221;][\/et_pb_column][\/et_pb_row][et_pb_row column_structure=&#8221;2_3,1_3&#8243; _builder_version=&#8221;4.16&#8243; _module_preset=&#8221;default&#8221; custom_padding=&#8221;0px|||||&#8221; global_colors_info=&#8221;{}&#8221;][et_pb_column type=&#8221;2_3&#8243; _builder_version=&#8221;4.16&#8243; _module_preset=&#8221;default&#8221; global_colors_info=&#8221;{}&#8221;][et_pb_text _builder_version=&#8221;4.17.4&#8243; _module_preset=&#8221;default&#8221; global_colors_info=&#8221;{}&#8221;]<\/p>\n<p>The rector&#8217;s call was answered by about 300 students, which corresponded to almost 40% of the students in 1914, and two professors, though exact numbers cannot be reconstructed today. Those who remained in Aachen also supported the German army, so the Talbothalle, a gymnasium of the university built in 1914, was converted into a military hospital, professors&#8217; daughters helped out as nurses. Of the members of the RWTH who performed military service in the First World War, about 200 fell.7<\/p>\n<p>World War I is considered one of the first highly mechanized wars. For the first time, tanks, aircraft, poison gas, and other modern weapons systems were used in large numbers. David Lloyd George, former British war minister and prime minister, even referred to the war as the &#8220;war of the engineers.&#8221; The technical expertise of RWTH students was valued by the military and put to good use in the technical fields. Remarkably, it was students from technical universities who deplored the mechanization of the war, with one student from the TH Charlottenburg writing of an &#8220;industry of commercial human slaughter.&#8221; 8<\/p>\n<p>However, the RWTH&#8217;s contribution to World War One encompassed much more than the use of its students and faculty. Materials (metals, illuminating petroleum, etc.) and &#8220;machines essential to the war effort&#8221; were also needed and provided by the university. Electrical machines and apparatus were subject to mandatory reporting and had to be turned in when needed. Some assistants and lecturers were drafted into armaments companies as foremen, so that teaching could no longer be maintained to the same extent as before the war. Lectures with two to three students were not uncommon, and the oral part of the doctoral examination was eliminated. Due to a lack of lecturers, many courses had to be shortened, and the course of study was cut back to an emergency course. In some cases, professors from other disciplines had to take over subjects from lecturers in wartime service. 9,10<\/p>\n<p>&nbsp;<\/p>\n<p>[\/et_pb_text][\/et_pb_column][et_pb_column type=&#8221;1_3&#8243; _builder_version=&#8221;4.16&#8243; _module_preset=&#8221;default&#8221; global_colors_info=&#8221;{}&#8221;][\/et_pb_column][\/et_pb_row][et_pb_row column_structure=&#8221;2_3,1_3&#8243; _builder_version=&#8221;4.16&#8243; _module_preset=&#8221;default&#8221; custom_padding=&#8221;0px|||||&#8221; global_colors_info=&#8221;{}&#8221;][et_pb_column type=&#8221;2_3&#8243; _builder_version=&#8221;4.16&#8243; _module_preset=&#8221;default&#8221; global_colors_info=&#8221;{}&#8221;][et_pb_text _builder_version=&#8221;4.17.4&#8243; _module_preset=&#8221;default&#8221; hover_enabled=&#8221;0&#8243; global_colors_info=&#8221;{}&#8221; sticky_enabled=&#8221;0&#8243;]<\/p>\n<p>Research activities remained unaffected by the wartime cutbacks and restrictions: metallurgy in particular conducted war-relevant research on the production of new and well-known alloys in view of the scarcity of resources due to the impossibility of importing materials from abroad. The production of sulfuric acid with raw materials available in Germany can also be traced back to Aachen research. This coincides with the work of other technical universities, in particular Fritz Haber, who developed gas warfare agents at the TH Karlsruhe, called for their military use and played a key role in the gas war in the First World War. 11<\/p>\n<p><strong><span style=\"text-decoration: underline;\">Origin of the stone tablets<\/span><\/strong><\/p>\n<p>For a long time, it was assumed at the RWTH that the stone plaques in the main building had been erected together with the new construction of the assembly hall in 1939\/40. 12 As research by some students later revealed, the unveiling of the slabs can be dated well before that. 13<\/p>\n<p>Immediately after the First World War, the then Rector of the RWTH Friedrich Klockmann wrote a letter to relatives of the fallen as well as to departments of the university. In the letter, dated July 17, 1918, he requested that &#8220;a picture[s] of your fallen son&#8221; be sent for the purpose of making an album of RWTH relatives who had died for &#8220;the Fatherland. &#8220;14 The university received subsequently numerous letters from family members, fraternities, and institutions. 15<\/p>\n<p>Professor August von Brandis of the Faculty of Architecture was given the task of designing a memorial to the fallen of the First World War. 16 This goes hand in hand with a large number of monuments in the Aachen districts that were built in the 1920s and 30s. The best-known example is certainly the monument to the fallen of the First World War, unveiled in 1933 in a tower of the former city wall in Ludwigsallee. 17 The stone tablets, made according to the designs of von Brandis, were unveiled on July 2, 1925, even then in front of the hall of the main building. 18 In the following years there were some adjustments to the plaques, for example, in 1928 targeted corporations (fraternities) were contacted and missing names of fallen were added 19 and in 1929 the plaques were made more legible by toning the lettering.20<\/p>\n<p>When the auditorium, and with it the entrance portal and staircase, were rebuilt in 1940 thanks to a donation from Aachener und M\u00fcnchener Feuerversicherungsgesellschaft (Better known as AachenM\u00fcnchener Versicherung, since 2020 Generali as the parent company. Aula I is still called Aachener und M\u00fcnchener Halle), 21 the stone plaques were also renewed and missing names were added. 22 This was to be the last change to the plaques to date, apart from occasional sprucing up, for example on the occasion of the 125th anniversary of the RWTH in 1995. 23<\/p>\n<p>&nbsp;<\/p>\n<p>[\/et_pb_text][\/et_pb_column][et_pb_column type=&#8221;1_3&#8243; _builder_version=&#8221;4.16&#8243; _module_preset=&#8221;default&#8221; global_colors_info=&#8221;{}&#8221;][\/et_pb_column][\/et_pb_row][et_pb_row column_structure=&#8221;2_3,1_3&#8243; _builder_version=&#8221;4.16&#8243; _module_preset=&#8221;default&#8221; custom_padding=&#8221;0px|||||&#8221; global_colors_info=&#8221;{}&#8221;][et_pb_column type=&#8221;2_3&#8243; _builder_version=&#8221;4.16&#8243; _module_preset=&#8221;default&#8221; global_colors_info=&#8221;{}&#8221;][et_pb_text _builder_version=&#8221;4.17.4&#8243; _module_preset=&#8221;default&#8221; global_colors_info=&#8221;{}&#8221;]<\/p>\n<p>The title of the plaques: &#8220;Als es galt f\u00fcrs Vaterland, treu die klinge war zur Hand, doch es war zum letzten Gang&#8221; is taken from the song &#8220;Burschen heraus&#8221; (&#8220;Boys out&#8221;) which has been known and spread among German students since 1844. The song originates from times when German students fought for a united Germany. They rejected the feudal order and demanded a constitutional monarchy. The song was recast after the failed revolution of 1848 and especially during the Empire. There, the third stanza reads:<\/p>\n<p style=\"text-align: center;\"><i>Boys out! Let it resound from house to house!<\/i><\/p>\n<p style=\"text-align: center;\"><i>If it is for the fatherland, then faithfully the blades at hand,<\/i><\/p>\n<p style=\"text-align: center;\"><i>And out with brave song, be it also to the last course!<\/i><\/p>\n<p style=\"text-align: center;\"><i>Boys out!<\/i><\/p>\n<p>In his appeal, Professor Wallichs also refers to this song, but omits the last line.24<\/p>\n<p>At the unveiling of the plaque in 1925, Rector Hermann Bonin and Vice-Chairman of the student body Fraisewinkel make it clear in what form the fallen are to be commemorated. In his address, Bonin recites the above-mentioned third stanza of the song &#8220;Burschen heraus&#8221; (&#8220;Boys out&#8221;) and goes on to emphasize that all &#8220;men and young men fit for arms&#8221; had joyfully answered Wallich&#8217;s call.<\/p>\n<p style=\"text-align: center;\"><i>With enthusiasm we heard about the hard battles, the brilliant victories in which our people participated. With shining eyes we heard that really the academic youth with courageous gait took the baptism of fire.<\/i><\/p>\n<p>Further, there is talk of &#8220;heroic deaths&#8221; and &#8220;cemeteries of honor&#8221;; the mournful tone of the rector&#8217;s letters of 1918 has given way to a patriotic glorification of the war. Rector Bonin alludes to the Dolchsto\u00df legend25 that was widespread and accepted among professors and students:26<\/p>\n<p style=\"text-align: center;\"><i>And then came hard times; the collapse of our Wehrmacht! Fratricidal fights within, signs also of a moral decay.<\/i><\/p>\n<p style=\"text-align: center;\"><i>There came times when it seemed almost harder to live for the Fatherland than to die for it; times when we almost envied those who rested under the cool turf in enemy territory.<\/i><\/p>\n<p>[\/et_pb_text][\/et_pb_column][et_pb_column type=&#8221;1_3&#8243; _builder_version=&#8221;4.16&#8243; _module_preset=&#8221;default&#8221; global_colors_info=&#8221;{}&#8221;][\/et_pb_column][\/et_pb_row][et_pb_row column_structure=&#8221;2_3,1_3&#8243; _builder_version=&#8221;4.16&#8243; _module_preset=&#8221;default&#8221; custom_padding=&#8221;0px|||||&#8221; global_colors_info=&#8221;{}&#8221;][et_pb_column type=&#8221;2_3&#8243; _builder_version=&#8221;4.16&#8243; _module_preset=&#8221;default&#8221; global_colors_info=&#8221;{}&#8221;][et_pb_text _builder_version=&#8221;4.17.4&#8243; _module_preset=&#8221;default&#8221; global_colors_info=&#8221;{}&#8221;]<\/p>\n<p>It also reveals a dislike of Weimar democracy that was widespread in society and especially among students.27<\/p>\n<p>On the form of the monument, Bonin explains<\/p>\n<p style=\"text-align: center;\"><i>Not a memorial stone standing outside our university, not a removable or imaginable plaque shall show the names of our heroes, but they shall be firmly and intimately grown together with our university itself, and as we hope that this building will still reach into the centuries and educate generations of capable German engineers, so shall their names live on into the centuries as a shining example of the utmost fulfillment of duty for future generations.<\/i><\/p>\n<p>And he concludes his unveiling speech with the words:<\/p>\n<p style=\"text-align: center;\"><i>It is sweet and honorable to die for the fatherland.28<\/i><\/p>\n<p>This phrase comes from the poet Horace and is an example of the patriotic glorification of the horrors of war, which in this form also took place among other warring parties.<\/p>\n<p>The speech of the rector is followed by that of the vice-president of the student body Fraisewinkel. He too praises the patriotic efforts of the soldiers for &#8220;Germany&#8217;s happiness&#8221;.<\/p>\n<p style=\"text-align: center;\"><i>Looking ahead, let us courageously set about building anew on their work. [&#8230;] So we want to vow at this point to our dead that we will honor their memory and carry on their work in earnest.<\/i><\/p>\n<p style=\"text-align: center;\"><i>For Germany must live!29<\/i><\/p>\n<p>There is no longer any talk of mourning, death is dismissed as &#8220;fate&#8221; and there is no intention of remembering the horrors of war.<\/p>\n<p>The Dolchsto\u00df legend refers to a conspiracy theory propagated by the Supreme Army Command after the end of the First World War. Instead of admitting the defeat of the German Reich, they claimed to have been &#8220;undefeated in the field&#8221; and accused Social Democrats, other democratic politicians and &#8220;Bolshevik Jewry&#8221; of treason. These &#8220;fatherless&#8221; had stabbed the German Reich in the back. The &#8220;stab in the back&#8221; legend is considered a deliberate falsification of history and fueled antisemitic, anti-democratic and anti-socialist resentment among the population.<\/p>\n<p>[\/et_pb_text][et_pb_text _builder_version=&#8221;4.17.4&#8243; _module_preset=&#8221;default&#8221; hover_enabled=&#8221;0&#8243; global_colors_info=&#8221;{}&#8221; sticky_enabled=&#8221;0&#8243;]<\/p>\n<p><strong><span style=\"text-decoration: underline;\">Criticism of the stone tablets<\/span><\/strong><\/p>\n<p>This form of commemoration and the inscription above the plaques led to criticism and protests against the memorial in the entrance area of the main building several times since 1989.<\/p>\n<p>The impetus for the protest was repair work on the stone plaques at the beginning of 1989. There was a heated discussion within the student body as to whether this form of commemoration could and should have a place at RWTH. At the suggestion of the MAI (Mechanical Engineering Initiative, a group from the Mechanical Engineering Student Council), a letter was written which was supported by various student councils. On May 10, it was also passed by the student parliament of the RWTH and sent to the then rector Klaus Habetha:<\/p>\n<p><i>Dear Mr. Habetha,<br \/>since the beginning of the year, the repair work on the hero memorial plaques at the entrance to the assembly hall has led to discussions among students<\/i><\/p>\n<p><i>We believe that this monument to heroes should be removed as soon as possible. Such glorification of heroic death and war cannot be reconciled with the principles of a peaceful and democratic society.<\/i><\/p>\n<p><i>The university should erect a modern memorial at this site, commemorating the crimes of National Socialist Germany. It should be dedicated to those who suffered and were murdered because of the culpable involvement of individual university members and the RWTH as an institution.<\/i><\/p>\n<p><i>Through such a memorial at the entrance to the assembly hall, the university would express a critical and vigilant awareness of history and at the same time stimulate discussion about the past.<br \/>We therefore propose that a commission be established to hold a competition to redesign the entrance to the auditorium and then to present various proposals. All university members should be able to participate in the choice of the concept that is ultimately to be realized.30<\/i><\/p>\n<p>Subsequently, the demands of the students were discussed in the senate. In response to a question from student senator Debener, the rector explained that the demands had been discussed in the rectorate, but that the decision had been reached not to replace the plaques. &#8220;One does not recognize any hero worship [&#8230;] in the commemorative plaque. Moreover, one should not so lightly remove such testimonies arising from the history of the local university. These commemorative plaques would reflect the opinion of the members of the university at that time.&#8221;31 The debate in the Senate is characterized by the false assumption, made due to the poor data situation, that the stone plaques were created together with the new construction of the assembly hall in 1940 and thus during the National Socialist era. Senator Demmer explained that the student parliament was also divided on how to deal with the plaques; 21 of the 41 members were in favor of their removal, while the remaining 20 were against it. Here, the RCDS should be mentioned in particular, which considered a removal to be &#8220;smoothing over history&#8221; and accused the other groups of trampling on the fallen of the war.32 As a compromise, Demmer proposes the installation of an information board next to the monument, so that one could encourage reflection without covering the traces of the time in retrospect. Professor Johannes Erger accuses the group arguing for removal of the monument of wanting to change historical events retrospectively. No agreement is reached in the debate.33<\/p>\n<p>The debate in the Senate prompted the philosophy student body to publish a few theses for discussion in its magazine PhilFalt. The main point of discussion was the argument often put forward that the World War was in itself misanthropic and wrong, but that the soldiers should be honored as individuals. The authors point out that the fact that many soldiers went to war voluntarily, even euphorically, is all the more reason for reflection and critical questioning today.<\/p>\n<p>[\/et_pb_text][et_pb_text _builder_version=&#8221;4.17.4&#8243; _module_preset=&#8221;default&#8221; global_colors_info=&#8221;{}&#8221;]<\/p>\n<p>The fact that the soldiers in the First World War were perpetrators, even &#8220;murderers,&#8221; does not exclude the possibility that they may also have been victims. But only the acknowledgement of complicity enables a path towards an anti-militaristic and pacifistic consciousness and thus towards an effective resistance of society against totalitarian tendencies. The argument that the plaques are a historical document misses the reality, according to the authors. &#8220;1. After the Second World War, all swastikas and imperial eagles were dismantled, and 2. there was an explicit demand not for their removal without comment, but for their permanent documentation [&#8230;]&#8221;, the &#8220;historical &#8216;value'&#8221; of the plaques would thus be preserved, it was more a matter of abolishing this form of heroic commemoration that wanted to cover the horrors of war with a semblance of &#8220;honor&#8221;.34<\/p>\n<p>The conflict could not be resolved. Opponents of removal argued that the plaques showed that &#8220;in war everyone is always a victim&#8221; and kept alive the memory of thousands dying on the battlefields. The stone tablets are a memorial to peace, and removing them would be tantamount to trying to rewrite history. Those in favor of their removal saw the plaques as a form of war glorification and linked them to anti-democratic and nationalistic sentiments.35<\/p>\n<p>In the Senate meeting of December 6, 1990, the rector explained, in response to a renewed question from the student senator Diepers about the state of affairs regarding the stone plaques, that a special commission had discussed the issue with the participation of students. There, the decision had been made to let the tablets work for themselves as a historical document, especially in view of the knowledge that the tablets had already been unveiled in 1925. This had been discovered by a student during research. Research had also revealed that the university had donated a statue in 1953 to commemorate the victims of National Socialism (see weeping youth). A plaque was feasible, but not desirable.36<\/p>\n<p>The memorial gained renewed attention in 1991 through an action by students of the student body for teaching. On the occasion of student action days on the Gulf War, they attached a banner and thus a new heading to the panels, and for a few hours the slogan &#8220;Death is a master from Germany37 was emblazoned over the auditorium. The main topics of the action days were the arms exports of the FRG and the question of arms research at the RWTH.38,39<\/p>\n<p>To accompany the 125th anniversary of the RWTH, former and then active students published an anthology of essays on the history of the university. This took a critical look at the university and was intended as a counter to the official commemorative publication. In his essay &#8220;S\u00fc\u00df ist es und ehrenvoll, f\u00fcr&#8217;s Vaterland zu sterben&#8221; (It is sweet and honorable to die for one&#8217;s fatherland), the former student senator of the RWTH, Hermann-Josef Diepers, deals with the stone tablets. He summarizes the discussions about the tablets in 1989\/90 but also how they came into being. The essay concludes with the words:<\/p>\n<p style=\"text-align: center;\"><i>The RWTH must therefore be asked how long it will continue to commemorate the perpetrators and call this a commemoration of the victims. A worthy memorial should be dedicated to those who opposed inhumane war policies (not only those of the National Socialists) and were therefore also persecuted within the TH, as the example of Professors Meusel40 and Blumenthal41 shows.<\/i><\/p>\n<p style=\"text-align: center;\"><b><i>The boards in the auditorium should be removed!42<\/i><\/b><\/p>\n<p>For the last time to date, the topic was taken up in the student newspaper K\u00e1rm\u00e1n No. 38 of 2008. In the editorial titled &#8220;New Heroes for the RWTH &#8211; Why the saying above the Aula I is problematic&#8221;, the authors demand that the tablets not be left uncommented, but be placed in their correct historical context by means of an information panel. Provocatively, the article concludes with the question &#8220;whether the RWTH has no other &#8216;heroes&#8217; to offer than war dead&#8221;. The article did not remain without effect, and the RWTH placed a plaque next to the stone tablets.<\/p>\n<p>Alfred Meusel had been a full professor of economics at RWTH since 1930 and was dismissed in 1933 for political reasons, the reason being his closeness to the KPD and former membership in the SPD. The dismissal followed denunciation by the AStA. Meusel was able to flee and died in East Berlin in 1960.<\/p>\n<p>Otto Blumenthal had been a professor of mathematics at the RWTH since 1905 and was dismissed in 1933 for political reasons, the reason being his Jewish grandparents and membership in the &#8220;German League for Human Rights&#8221;. The dismissal followed denunciation by the AStA. Blumenthal died in 1944 in the Theresienstadt concentration camp.\u00a0\u00a0\u00a0 \u00a0\u00a0\u00a0 \u00a0\u00a0\u00a0 \u00a0\u00a0\u00a0 \u00a0\u00a0\u00a0 \u00a0\u00a0\u00a0 \u00a0\u00a0\u00a0 \u00a0\u00a0\u00a0 \u00a0\u00a0\u00a0 \u00a0\u00a0\u00a0 \u00a0\u00a0\u00a0<\/p>\n<p>[\/et_pb_text][et_pb_text _builder_version=&#8221;4.17.4&#8243; _module_preset=&#8221;default&#8221; hover_enabled=&#8221;0&#8243; global_colors_info=&#8221;{}&#8221; sticky_enabled=&#8221;0&#8243;]<\/p>\n<p><span style=\"text-decoration: underline;\"><strong>Conclusion<\/strong><\/span><\/p>\n<p>Contrary to what was assumed in 1989, the stone tablets were not created during the National Socialist era but 8 years before Hitler came to power, in 1925. However, the question of whether this type of commemoration is still appropriate today remains.<\/p>\n<p>When teenagers and young men went to the front for Germany in 1914, they often did so under misconceptions about the war that awaited them and because of a socially widespread patriotism. For many soldiers at the front, the &#8220;war frenzy&#8221; was soon over, and several million lost their lives in this highly technical war, sometimes in hopeless position battles; some perceived the war as a veritable industrial slaughter.<\/p>\n<p>But these horrors and atrocities of war were not brought up in the aftermath immediately following the war. Instead, the deployment of German soldiers was exaggerated into a patriotic, almost martyr-like act. The youths and young men had died for the &#8220;happiness of the German nation. The treaty concluded with the victorious powers was seen in many circles as a betrayal of the German people.<\/p>\n<p>The memorial to the fallen of the First World War at the RWTH is also in this tradition. The plaques clearly venerate the fallen as heroes, which is particularly evident in the unveiling speeches. Nationalist ideas and the glorification of the war permeate the speeches of the then rector and the student leader. They make it clear: our heroes, the heroes of the German people, are to be forever firmly linked to the university, ideologically and architecturally.<\/p>\n<p>Several times students voiced their criticism of this &#8220;Heroes Monument&#8221;, the university never took up the objections. At first, they simply refused the requested replacement, accusing students of trying to purge history. Later, they did not want to see hero worship in the plaques. Even when the criticism was renewed in 2008, the response was not a discussion of the monument, but a small information board with a link to a Wikipedia article. All this is not a successful handling of history, but a poor attempt to appease student protest.<\/p>\n<p>In its basic order, the RWTH emphasizes to pursue exclusively peaceful goals and to make its contribution to a sustainable, peaceful and democratic world.43 The First World War and the commemoration of the soldiers of this war in a laudatory presentation that conceals the atrocities of the war are at least in conflict with this principle. The location and form of the memorial make the stone plaques in the main building the most visible and present form of commemoration at RWTH. Particularly in view of the number of students who walk past the almost uncommented plaques every day, it is at least questionable whether the university is living up to its claim to itself here and whether there might not be better objects of commemoration. Or in other words: Does the RWTH have no other heroes to offer than war dead?<\/p>\n<p>&nbsp;<\/p>\n<p>[\/et_pb_text][et_pb_text _builder_version=&#8221;4.17.4&#8243; _module_preset=&#8221;default&#8221; global_colors_info=&#8221;{}&#8221;]<\/p>\n<p><u><strong>Thanks<\/strong><\/u><\/p>\n<p>Special thanks without separate hierarchy:<\/p>\n<ul>\n<li>The university archive of the RWTH<\/li>\n<li>The Aachen City Library<\/li>\n<li>The Philosophy Department for the provision of issues of PhilFalt<\/li>\n<li>Mr. Hermann-Josef Diepers and all participating authors for &#8220;&#8230;from all politics conceivably far away&#8221;, an example and role model for engaged student body and definitely an exciting read<\/li>\n<\/ul>\n<p>&nbsp;<\/p>\n<p>[\/et_pb_text][\/et_pb_column][et_pb_column type=&#8221;1_3&#8243; _builder_version=&#8221;4.16&#8243; _module_preset=&#8221;default&#8221; global_colors_info=&#8221;{}&#8221;][\/et_pb_column][\/et_pb_row][et_pb_row column_structure=&#8221;2_3,1_3&#8243; _builder_version=&#8221;4.16&#8243; _module_preset=&#8221;default&#8221; custom_padding=&#8221;0px|||||&#8221; global_colors_info=&#8221;{}&#8221;][et_pb_column type=&#8221;2_3&#8243; _builder_version=&#8221;4.16&#8243; _module_preset=&#8221;default&#8221; global_colors_info=&#8221;{}&#8221;][et_pb_text _builder_version=&#8221;4.17.4&#8243; _module_preset=&#8221;default&#8221; global_colors_info=&#8221;{}&#8221;]<\/p>\n<p style=\"text-align: left;\"><em><span dir=\"ltr\">Aachen den 2.05.2022 (fg)<\/span><\/em><\/p>\n<p>[\/et_pb_text][et_pb_button button_url=&#8221;https:\/\/www.asta.rwth-aachen.de\/wp-content\/uploads\/Steintafeln-zum-1_Weltkrieg.pdf&#8221; button_text=&#8221;Download the dokument as a PDF&#8221; _builder_version=&#8221;4.17.4&#8243; _module_preset=&#8221;default&#8221; hover_enabled=&#8221;0&#8243; global_colors_info=&#8221;{}&#8221; sticky_enabled=&#8221;0&#8243;][\/et_pb_button][\/et_pb_column][et_pb_column type=&#8221;1_3&#8243; _builder_version=&#8221;4.16&#8243; _module_preset=&#8221;default&#8221; global_colors_info=&#8221;{}&#8221;][et_pb_text _builder_version=&#8221;4.17.4&#8243; _module_preset=&#8221;default&#8221; global_colors_info=&#8221;{}&#8221;]<\/p>\n<p>&nbsp;<\/p>\n<p>&nbsp;<\/p>\n<p>[\/et_pb_text][et_pb_button button_url=&#8221;https:\/\/www.asta.rwth-aachen.de\/en\/projekte\/memorials-of-the-rwth\/&#8221; button_text=&#8221;Back to the overview&#8221; _builder_version=&#8221;4.17.4&#8243; _module_preset=&#8221;default&#8221; hover_enabled=&#8221;0&#8243; locked=&#8221;off&#8221; global_colors_info=&#8221;{}&#8221; sticky_enabled=&#8221;0&#8243;][\/et_pb_button][\/et_pb_column][\/et_pb_row][et_pb_row _builder_version=&#8221;4.16&#8243; background_size=&#8221;initial&#8221; background_position=&#8221;top_left&#8221; background_repeat=&#8221;repeat&#8221; global_colors_info=&#8221;{}&#8221;][et_pb_column type=&#8221;4_4&#8243; _builder_version=&#8221;4.16&#8243; custom_padding=&#8221;|||&#8221; global_colors_info=&#8221;{}&#8221; custom_padding__hover=&#8221;|||&#8221;][et_pb_text _builder_version=&#8221;4.17.4&#8243; _module_preset=&#8221;default&#8221; global_colors_info=&#8221;{}&#8221;]<\/p>\n<h2><span dir=\"ltr\"><strong>Literature:<\/strong> <\/span><\/h2>\n<p>Autorenkollektiv (1995), \u2026von aller Politik denkbar weit entfernt \u2013 Die RWTH \u2013 Ein Lesebuch, Aachen.<\/p>\n<p>Ricking, Klaus (1995), Der Geist bewegt die Materie \u2013 Mens agitat\u00a0molem. 125 Jahre Geschichte der RWTH, Aachen.<\/p>\n<p>Klinkenberg, Hans Martin (1970), Rheinisch-Westf\u00e4lische Technische Hochschule Aachen 1870|1970, Stuttgart.<\/p>\n<p>Zirlewagen, Marc (2008), Wir siegen oder fallen \u2013 Deutsche Studenten im Ersten Weltkrieg, K\u00f6ln.<\/p>\n<p>Various files of the RWTH University Archives, in particular file no. 584<\/p>\n<p><a href=\"https:\/\/zeitpunkt.nrw\/\"><u>https:\/<\/u><u>\/<\/u><u>zeitpunkt.nrw\/<\/u><\/a> for issues of the &#8220;Echo der Gegenwart&#8221; and the &#8220;Politisches Tageblatt &#8211; Aachener Anzeiger<\/p>\n<p>[\/et_pb_text][et_pb_text _builder_version=&#8221;4.17.4&#8243; _module_preset=&#8221;default&#8221; global_colors_info=&#8221;{}&#8221;]<\/p>\n<h2 id=\"Verweise\">References:<\/h2>\n<p><strong>1<\/strong> <a href=\"https:\/\/www.archiv.rwth-aachen.de\/web\/Online%20Praesentation%201_WK\/index.htm\"><u>https:\/\/www.archiv.rwth-aachen.de\/web\/Online%20Praesentation%201_WK\/index.htm<\/u><\/a> abgerufen am 03.12.2021<br \/><strong>2<\/strong> Hermann-Josef Diepers, \u201eS\u00fc\u00df ist es und ehrenvoll, f\u00fcr\u2019s Vaterland zu sterben\u201c in \u201e\u2026von aller Politik denkbar weit entfernt\u201c, S. 81<br \/><strong>3<\/strong> Ebd., S. 85<br \/><strong>4<\/strong> Ralf Schr\u00f6der, \u201eFragmente zur Geschichte und Gegenwart Aachener Studentenverbindungen\u201c in \u201e&#8230;von aller Politik denkbar weit entfernt\u201c, S. 17-22<br \/><strong>5<\/strong> Klaus Ricking, \u201eDer Geist bewegt die Materie \u2013 Mens agitat\u00a0molem. 125 Jahre Geschichte der RWTH Aachen\u201c, S. 118 f.<br \/><strong>6<\/strong> Martin Biastoch, \u201eStudenten und Universit\u00e4ten im Kaiserreich \u2013 Ein \u00dcberblick\u201c in \u201eWir siegen oder Fallen\u201c<br \/><strong>7 <\/strong>Ricking, S. 119<br \/><strong>8 <\/strong>Johanna Zigan, \u201eDer erste Weltkrieg als Katalysator f\u00fcr die gesellschaftliche und politische Anerkennung der Ingenieurswissenschaft\u201c in \u201eWir siegen oder fallen\u201c<br \/><strong>9 <\/strong>Ebd., S. 119 ff.<br \/><strong>10 <\/strong>Hans Martin Klinkenberg, \u201eRheinisch Westf\u00e4lische Technische Hochschule Aachen 1870|1970\u201c, S. 76 f.<br \/><strong>11 <\/strong>Zigan, S. 112 ff.<br \/><strong>12 <\/strong>Ebd., S. 110 und Diepers, S. 82<br \/><strong>13 <\/strong>Ebd., S. 85<br \/><strong>14 <\/strong>Letter from the rector, Hochschularchiv Akte 584<br \/><strong>15 <\/strong>Ebd.<br \/><strong>16 <\/strong>Politisches Tageblatt Nr. 504 vom 03.07.1925<br \/><strong>17 <\/strong>Diepers, S. 97<br \/><strong>18 <\/strong>Politisches Tageblatt Nr. 504 vom 03.07.1925<br \/><strong>19\u00a0<\/strong>Note from the recto 13.01.1928, Hochschularchiv Akte 584<br \/><strong>20\u00a0<\/strong>Letter from the rector to Prof. v. Brandis, Ebd.<br \/><strong>21 <\/strong>Klinkenberg, S. 110<br \/><strong>22 <\/strong>Letter Prof. Buchkremer an den Rektor, Hochschularchiv Akte 584<br \/><strong>23 <\/strong>Diepers, S. 85<br \/><strong>24 <\/strong>Ebd., S. 89<br \/><strong>25 <\/strong>The Dolchsto\u00dflegende refers to a conspiracy theory spread by the Obere Heeresleitung after the end of the First World War. Instead of admitting the defeat of the German Reich, they claimed to have been &#8220;undefeated in the field&#8221; and accused Social Democrats, other democratic politicians and &#8220;Bolshevik Jewry&#8221; of treason. These &#8220;fatherless&#8221; had stabbed the German Reich in the back. The Dolchsto\u00df legend is considered a deliberate falsification of history and fueled anti-Semitic, anti-democratic and anti-socialist resentment among the population.<br \/><strong>26 <\/strong>Boris Barth, \u201eProfessoren, Studenten und die Legende vom Dolchsto\u00df\u201c in \u201eWir siegen oder fallen\u201c, S. 377<br \/><strong>27 <\/strong>Ebd. und Biastoch, S. 20<br \/><strong>28 <\/strong>Unveiling speech of the rector Bonin from \u201ePolitisches Tageblatt \u2013 Aachener Anzeiger\u201c vom 03.07.1925<br \/><strong>29\u00a0<\/strong>Unveiling speech by the vice president of the student body Fraisewinkel from \u201ePolitisches Tageblatt \u2013 Aachener Anzeiger\u201c vom 03.07.1925<br \/><strong>30 <\/strong>Diepers, S. 81 f.<br \/><strong>31\u00a0<\/strong>Minutes of the meeting of the Senate from 01.06.1989 S. 26 f., Hochschularchiv Akte 11139<br \/><strong>32 <\/strong>Diepers, S. 82<br \/><strong>33\u00a0<\/strong>Minutes of the meeting of the Senate from 01.06.1989<br \/><strong>34 <\/strong>PhilFalt 9\/89<br \/><strong>35 <\/strong>Notes about PhilFalt, Fachschaft Philosophie<br \/><strong>36 <\/strong>Minutes of the meeting of the Senate from 06.12.1990,<br \/><strong>37 <\/strong>The words come from the &#8220;Death Fugue&#8221; by Paul Celan. The poem deals with the Nazi extermination of the Jews and is considered one of the best-known and most important German-language poems. The aforementioned sentence has become a frequently used slogan of left-wing peace protests.<br \/><strong>38 <\/strong>Diepers, S. 81<br \/><strong>39\u00a0<\/strong>More details on the subject of armaments research can also be found in the minutes of the Senate meeting of 07.02.1991, Hochschularchiv Akte 11209 sowie Diepers, S. 239 ff.<br \/><strong>40 <\/strong>Alfred Meusel had been a full professor of economics at the RWTH since 1930 and was dismissed in 1933 for political reasons, the reason being his closeness to the KPD and his former membership in the SPD. The dismissal followed denunciation by the AStA. Meusel was able to flee and died in East Berlin in 1960.<br \/><strong>41 <\/strong>Otto Blumenthal had been professor of mathematics at the RWTH since 1905 and was dismissed in 1933 for political reasons, the reason being his Jewish grandparents as well as his membership in the &#8220;German League for Human Rights&#8221;. The dismissal followed denunciation by the AStA. Blumenthal died in 1944 in the Theresienstadt concentration camp.<br \/><strong>42 <\/strong>Diepers, S. 97<br \/><strong>43 <\/strong>Basic Regulations of the RWTH in the version of13.03.2020, Pr\u00e4ambel, S. 4<\/p>\n<p>[\/et_pb_text][\/et_pb_column][\/et_pb_row][\/et_pb_section]<\/p>\n","protected":false},"excerpt":{"rendered":"<p>Stone tablets to the 1st World WarAnyone who enters the main building of the RWTH, at Templergraben 55 next to Super C, and climbs the stairs to Aula I, past the Rector&#8217;s Office, walks directly toward the RWTH&#8217;s most central memorial. The inscription &#8220;Als es galt f\u00fcrs Vaterland, treu die Klinge war zur Hand, war [&hellip;]<\/p>\n","protected":false},"author":85,"featured_media":0,"parent":0,"menu_order":0,"comment_status":"closed","ping_status":"closed","template":"","meta":{"_et_pb_use_builder":"on","_et_pb_old_content":"<p>[et_pb_section fb_built=\"1\" _builder_version=\"4.16\" locked=\"off\" collapsed=\"off\" global_colors_info=\"{}\"][et_pb_row column_structure=\"1_2,1_2\" _builder_version=\"4.16\" background_size=\"initial\" background_position=\"top_left\" background_repeat=\"repeat\" custom_padding=\"||6px|||\" global_colors_info=\"{}\"][et_pb_column type=\"1_2\" _builder_version=\"4.16\" custom_padding=\"|||\" global_colors_info=\"{}\" custom_padding__hover=\"|||\"][et_pb_text _builder_version=\"4.16\" _module_preset=\"default\" global_colors_info=\"{}\"]<\/p><h2>Steintafeln zum 1. Weltkrieg<\/h2><p>[\/et_pb_text][\/et_pb_column][et_pb_column type=\"1_2\" _builder_version=\"4.16\" custom_padding=\"|||\" global_colors_info=\"{}\" custom_padding__hover=\"|||\"][et_pb_text _builder_version=\"4.16\" _module_preset=\"default\" global_colors_info=\"{}\"][\/et_pb_text][\/et_pb_column][\/et_pb_row][et_pb_row column_structure=\"2_3,1_3\" _builder_version=\"4.16\" _module_preset=\"default\" custom_padding=\"0px|||||\" global_colors_info=\"{}\"][et_pb_column type=\"2_3\" _builder_version=\"4.16\" _module_preset=\"default\" global_colors_info=\"{}\"][et_pb_text _builder_version=\"4.16\" _module_preset=\"default\" global_colors_info=\"{}\"]<\/p><p>Wer das Hauptgeb\u00e4ude der RWTH, am <span class=\"hiddenSpellError\">Templergraben<\/span> 55 neben dem Super C, betritt und die Treppen zur Aula I, vorbei am Rektorat, hinaufgeht, l\u00e4uft direkt auf das zentralste Mahnmal der RWTH zu. \u00dcber der T\u00fcr prangt die Inschrift \u201eAls es galt f\u00fcrs Vaterland, treu die Klinge war zur Hand, war es auch zum letzten Gang\u201c. Darunter stehen etwa 170 Namen in gro\u00dfe Steinplatten gehauen<span class=\"hiddenGrammarError\">,<\/span> Angeh\u00f6rige der RWTH, die im 1. Weltkrieg gefallen sind. <a href=\"#Verweise\"><span style=\"font-size: 8.0pt; color: black;\">1<\/span><\/a><span dir=\"ltr\"> Als der pr\u00e4senteste Ort des Gedenkens der Hochschule, im Hauptgeb\u00e4ude, nur wenige Meter vom B\u00fcro des Rektors, im Herzen des Campus der RWTH, waren die Tafeln schon mehrfach Grund f\u00fcr Kontroversen innerhalb der Studierendenschaft und zwischen Studierendenschaft und Hochschule. <a href=\"#Verweise\"><span style=\"font-size: 8.0pt; color: black;\">1<\/span><\/a><span dir=\"ltr\"> Entstehungsgeschichte, -zeit und -umst\u00e4nde waren nach dem 2. Weltkrieg lange unklar und konnten erst in den 1990er Jahren n\u00e4her gekl\u00e4rt werden. <a href=\"#Verweise\"><span style=\"font-size: 8.0pt; color: black;\">1<\/span><\/a><span dir=\"ltr\"><br \/>Dieser Artikel soll nach einer Darstellung der Entstehungsgeschichte und den Umst\u00e4nden der Entstehung der Tafeln auch den sp\u00e4teren Umgang und die Kritik gegen\u00fcber dem Denkmal beschreiben. Mehr noch als um eine historische Einordnung geht es aber auch um einen Blick auf die Erinnerungskultur der RWTH, den Umgang mit der eigenen Rolle im <span class=\"hiddenGrammarError\">ersten<\/span> Weltkrieg und die Verfehlungen. Am Ende steht die Frage, wie ein zeitgem\u00e4\u00dfer Umgang mit den Gefallenen des <span class=\"hiddenGrammarError\">ersten<\/span> Weltkrieges und mit den Steintafeln im Hauptgeb\u00e4ude aussehen kann.<\/span><\/span><\/span><\/p><p>\u00a0<\/p><p>[\/et_pb_text][\/et_pb_column][et_pb_column type=\"1_3\" _builder_version=\"4.16\" _module_preset=\"default\" global_colors_info=\"{}\"][\/et_pb_column][\/et_pb_row][et_pb_row column_structure=\"2_3,1_3\" _builder_version=\"4.16\" _module_preset=\"default\" custom_padding=\"0px|||||\" global_colors_info=\"{}\"][et_pb_column type=\"2_3\" _builder_version=\"4.16\" _module_preset=\"default\" global_colors_info=\"{}\"][et_pb_text _builder_version=\"4.16\" _module_preset=\"default\" global_colors_info=\"{}\"]<u><strong>Die RWTH im ersten Weltkrieg<\/strong><\/u><\/p><p>Als am 28. Juli 1914 der erste Weltkrieg ausbrach, war auch unter den Studierenden und anderen Angeh\u00f6rigen der RWTH die Bereitschaft gro\u00df, in den Krieg zu ziehen. Wie an vielen Hochschulen im Kaiserreich l\u00f6ste der Kriegsbeginn auch in Aachen \u201eeine Welle von nationalem Pathos und Kriegsbegeisterung\u201c aus. Die politische Orientierung der Studierenden, gerade in Korporationen (Verbindungen), l\u00e4sst sich in besonderem Ma\u00dfe als \u201ekaisertreu, antidemokratisch, antisemitisch [\u2026] und antifranz\u00f6sisch\u201c beschreiben. <a href=\"#Verweise\"><span style=\"font-size: 8.0pt; color: black;\">1<\/span><\/a><span dir=\"ltr\">\u00a0F\u00fcr viele ist die Pflichterf\u00fcllung der Vaterlandsverteidigung zentrales Motiv, in den Krieg zu ziehen, gerade die N\u00e4he zur Grenze in Aachen d\u00fcrfte dies noch verst\u00e4rkt haben. <a href=\"#Verweise\"><span style=\"font-size: 8.0pt; color: black;\">5,6<\/span><\/a><\/span><\/p><p>Schon kurz nach Ausbruch des Krieges, am 01.08.1914, ruft der damalige Rektor der RWTH, Adolf Wallichs im \u201eEcho der Gegenwart\u201c, einer katholischen, auch \u00fcberregional beachteten Tageszeitung, zur Teilnahme am Krieg auf:<\/p><p style=\"text-align: center;\"><em>Kommilitonen! <\/em><em>Der K\u00f6nig ruft in schwerer Stunde das Volk zu den Waffen zur Verteidigung des geliebten Vaterlandes. Begeistert folgen wir diesem Rufe! <\/em><em>Burschen heraus! Wenn es gilt f\u00fcrs Vaterland, treu die Klingen dann zur Hand! habt Ihr so h\u00e4ufig gesungen, macht dieses Gel\u00f6bnis rasch zur Tat<\/em><em>!<\/em><em> Denn wir haben Feinde ringsum. <\/em><em>Dank unserer Volkskraft werden wir sie niederringen, wenn alle B\u00fcrger zur Stelle sind.<\/em><em>Studenten, fehlt nicht! Frisch auf zur Tat! <\/em><em>Kommilitonen, die Ihr noch nicht milit\u00e4rpflichtig seid, zeichnet Euch ein zum freiwilligen Eintritt in das Heer! Die Liste liegt aus beim Kastellan im Hauptgeb\u00e4ude.<br \/><\/em><\/p><p>[\/et_pb_text][\/et_pb_column][et_pb_column type=\"1_3\" _builder_version=\"4.16\" _module_preset=\"default\" global_colors_info=\"{}\"][\/et_pb_column][\/et_pb_row][et_pb_row column_structure=\"2_3,1_3\" _builder_version=\"4.16\" _module_preset=\"default\" custom_padding=\"0px|||||\" global_colors_info=\"{}\"][et_pb_column type=\"2_3\" _builder_version=\"4.16\" _module_preset=\"default\" global_colors_info=\"{}\"][et_pb_text _builder_version=\"4.16\" _module_preset=\"default\" global_colors_info=\"{}\"]<\/p><p>Dem Aufruf des Rektors folgten etwa 300 Studenten, was knapp 40% der Studierenden von 1914 entsprach, und zwei Professoren, genaue Zahlen sind heute nicht mehr zu rekonstruieren. Auch die in Aachen Verbleibenden unterst\u00fctzten das deutsche Heer, so wurde die Talbothalle, eine 1914 erbaute Sporthalle der Hochschule, zum Lazarett umfunktioniert, Professorent\u00f6chter halfen als Krankenschwestern aus. Von den Angeh\u00f6rigen der RWTH, die Kriegsdienst im ersten Weltkrieg leisteten, fielen etwa 200.<a href=\"#Verweise\"><span style=\"font-size: 8.0pt; color: black;\">7<\/span><\/a><\/p><p>Der erste Weltkrieg gilt als einer der ersten hochtechnisierten Kriege. Zum ersten Mal fanden Panzer, Flugzeuge, Giftgas und andere moderne Waffensysteme in gro\u00dfer Zahl Einsatz. David Lloyd George, ehemaliger britischer Kriegs- und Premierminister, bezeichnete den Krieg gar als \u201eKrieg der Ingenieure\u201c. Der technische Sachverstand der RWTH-Studenten wurde beim Milit\u00e4r gesch\u00e4tzt und in den technischen Bereichen genutzt. Bemerkenswert ist es, dass gerade die Studenten von technischen Hochschulen die Mechanisierung des Krieges bedauerten, so schrieb ein Student der TH Charlottenburg von einer \u201eIndustrie gewerbsm\u00e4\u00dfigen Menschenschlachtens\u201c. <a href=\"#Verweise\"><span style=\"font-size: 8.0pt; color: black;\">8<\/span><\/a><\/p><p>Doch der Beitrag der RWTH zum ersten Weltkrieg umfasst weit mehr als den Einsatz ihrer Studenten und Dozenten. Auch Material (Metalle, Leuchtpetroleum etc.) und \u201ekriegswichtige Maschinen\u201c wurden ben\u00f6tigt und von der Hochschule bereitgestellt. Elektrische Maschinen und Apparate unterlagen einer Meldepflicht und mussten bei Bedarf abgegeben werden. Assistenten und Dozenten wurden teilweise als Vorarbeiter in R\u00fcstungsunternehmen eingezogen und so war der Lehrbetrieb nicht mehr in dem Ma\u00dfe wie vor dem Krieg aufrechtzuerhalten. Vorlesungen mit zwei bis drei Studenten waren nicht ungew\u00f6hnlich, der m\u00fcndliche Teil der Doktorpr\u00fcfung viel weg. Mangels Dozenten mussten viele Kurse gek\u00fcrzt werden, das Studium wurde zu einem Notstudium beschnitten. Teilweise mussten fachfremde Professoren F\u00e4cher von Dozenten im Kriegseinsatz \u00fcbernehmen. <a href=\"#Verweise\"><span style=\"font-size: 8.0pt; color: black;\">9,10<\/span><\/a><\/p><p>[\/et_pb_text][\/et_pb_column][et_pb_column type=\"1_3\" _builder_version=\"4.16\" _module_preset=\"default\" global_colors_info=\"{}\"][\/et_pb_column][\/et_pb_row][et_pb_row column_structure=\"2_3,1_3\" _builder_version=\"4.16\" _module_preset=\"default\" custom_padding=\"0px|||||\" global_colors_info=\"{}\"][et_pb_column type=\"2_3\" _builder_version=\"4.16\" _module_preset=\"default\" global_colors_info=\"{}\"][et_pb_text _builder_version=\"4.16\" _module_preset=\"default\" global_colors_info=\"{}\"]Unber\u00fchrt von den Einsparungen und Einschr\u00e4nkungen des Krieges blieb der Forschungsbetrieb.: Besonders die Metallh\u00fcttenkunde leistete Kriegsrelevante Forschung zur Herstellung neuer und bekannter Legierungen angesichts der Ressourcenknappheit aufgrund unm\u00f6glich gewordenen Importe aus dem Ausland. Auch die Herstellung von Schwefels\u00e4ure mit in Deutschland verf\u00fcgbaren Rohstoffen geht auf Aachener Forschung zur\u00fcck. Dies deckt sich mit der Arbeit anderer technischer Hochschulen, besonders zu nennen ist hier Fritz Haber, der Gaskampfstoffe an der TH Karlsruhe entwickelte, deren milit\u00e4rische Nutzung forderte und den Gaskrieg im ersten Weltkrieg ma\u00dfgeblich begleitete. <a href=\"#Verweise\"><span style=\"font-size: 8.0pt; color: black;\">11<\/span><\/a><\/p><p><u><strong>Entstehung der Steintafeln<\/strong><\/u><\/p><p>Lange ging man an der RWTH davon aus, dass die Steintafeln im Hauptgeb\u00e4ude gemeinsam mit dem Neubau der Aula 1939\/40 aufgestellt worden seien. <a href=\"#Verweise\"><span style=\"font-size: 8.0pt; color: black;\">12<\/span><\/a><span dir=\"ltr\">\u00a0Wie sich sp\u00e4ter durch Recherchen einiger Studierender herausstellte, l\u00e4sst sich die Enth\u00fcllung der Platten deutlich davor datieren. <a href=\"#Verweise\"><span style=\"font-size: 8.0pt; color: black;\">13<\/span><\/a><\/span><\/p><p>Bereits unmittelbar nach dem ersten Weltkrieg verfasste der damalige Rektor der RWTH Friedrich Klockmann einen Brief an Verwandte von Gefallenen sowie Fachbereiche der Universit\u00e4t. In dem Schreiben vom 17. Juli 1918 bittet er um die Zusendung \u201eein[es] Bild[es] Ihres gefallenen Sohnes\u201c zwecks Anfertigung eines Albums der f\u00fcr \u201edas Vaterland gestorbenen Angeh\u00f6rigen\u201c der RWTH. <a href=\"#Verweise\"><span style=\"font-size: 8.0pt; color: black;\">14<\/span><\/a><span dir=\"ltr\"> Es gab daraufhin zahlreiche Zuschriften von Familienmitgliedern, Verbindungen und Institutionen an der Hochschule. <a href=\"#Verweise\"><span style=\"font-size: 8.0pt; color: black;\">15<\/span><\/a><\/span><\/p><p>Professor August von Brandis aus der Fakult\u00e4t f\u00fcr Architektur wurde mit der Aufgabe betraut, ein Denkmal f\u00fcr die Gefallenen des ersten Weltkriegs zu entwerfen. <a href=\"#Verweise\"><span style=\"font-size: 8.0pt; color: black;\">16<\/span><\/a><span dir=\"ltr\">\u00a0Dies geht einher mit einer Vielzahl von Denkm\u00e4lern in den Aachener Stadtbezirken, die in den 1920er und 30er Jahren entstanden. Das bekannteste Beispiel ist sicherlich das 1933 enth\u00fcllte Denkmal f\u00fcr die gefallenen des ersten Weltkriegs in einem Turm der ehemaligen Stadtmauer in der Ludwigsallee. <a href=\"#Verweise\"><span style=\"font-size: 8.0pt; color: black;\">17<\/span><\/a><span dir=\"ltr\"> Die nach den Entw\u00fcrfen von v. Brandis gefertigten Steintafeln wurden am 2. Juli 1925 enth\u00fcllt, schon damals vor der Halle des Hauptgeb\u00e4udes. <a href=\"#Verweise\"><span style=\"font-size: 8.0pt; color: black;\">18<\/span><\/a><span dir=\"ltr\">\u00a0In den folgenden Jahren gab es einige Anpassungen der Tafeln, so wurden 1928 gezielt Korporationen (Burschenschaften) kontaktiert und fehlende Namen von Gefallenen nachgetragen <a href=\"#Verweise\"><span style=\"font-size: 8.0pt; color: black;\">19<\/span><\/a><span dir=\"ltr\"> und 1929 die Tafeln durch T\u00f6nen der Schrift lesbarer gestaltet.<a href=\"#Verweise\"><span style=\"font-size: 8.0pt; color: black;\">20<\/span><\/a><\/span><\/span><\/span><\/span><\/p><p>Als die Aula und damit auch das Eingangsportal und der Treppenaufgang 1940 dank einer Spende der Aachener und M\u00fcnchener Feuerversicherungsgesellschaft (Besser bekannt als AachenM\u00fcnchener Versicherung, seit 2020 Generali wie der Mutterkonzern. Die Aula I hei\u00dft nach wie vor Aachener und M\u00fcnchener Halle) neu gebaut wurde, <a href=\"#Verweise\"><span style=\"font-size: 8.0pt; color: black;\">21<\/span><\/a><span dir=\"ltr\"> wurden auch die Steintafeln erneuert und fehlende Namen erg\u00e4nzt. <a href=\"#Verweise\"><span style=\"font-size: 8.0pt; color: black;\">22<\/span><\/a><span dir=\"ltr\"> Dies sollte bis heute die letzte \u00c4nderung der Tafeln sein, abgesehen von gelegentlichem Aufpolieren der Gedenktafeln, beispielsweise anl\u00e4sslich der 125-Jahr-Feier der RWTH 1995. <a href=\"#Verweise\"><span style=\"font-size: 8.0pt; color: black;\">23<\/span><\/a><span dir=\"ltr\">[\/et_pb_text][\/et_pb_column][et_pb_column type=\"1_3\" _builder_version=\"4.16\" _module_preset=\"default\" global_colors_info=\"{}\"][\/et_pb_column][\/et_pb_row][et_pb_row column_structure=\"2_3,1_3\" _builder_version=\"4.16\" _module_preset=\"default\" custom_padding=\"0px|||||\" global_colors_info=\"{}\"][et_pb_column type=\"2_3\" _builder_version=\"4.16\" _module_preset=\"default\" global_colors_info=\"{}\"][et_pb_text _builder_version=\"4.16\" _module_preset=\"default\" global_colors_info=\"{}\"]Die \u00dcberschrift der Tafeln: \u201eAls es galt f\u00fcrs Vaterland, treu die klinge war zur Hand, doch es war zum letzten Gang ist entnommen aus dem Lied \u201eBurschen heraus\u201c welches seit 1844 in der deutschen Studentenschaft bekannt und verbreitet ist. Das Lied stammt aus Zeiten, als deutsche Studenten f\u00fcr ein geeintes Deutschland k\u00e4mpften. Sie lehnten die feudale Ordnung ab und forderten eine konstitutionelle Monarchie. Das Lied wurde nach der gescheiterten Revolution von 1848 und besonders im Kaiserreich neu besetzt. Dort hei\u00dft es in der dritten Strophe:<\/span><\/span><\/span><\/p><p style=\"text-align: center;\"><em>Burschen her<\/em><em>aus! Lasset es schallen von Haus zu Haus!<\/em><em><br \/>Wenn es gilt f\u00fcrs Vaterland<\/em><em>, treu die Klingen dann zur Hand<\/em><em>,<\/em><em><br \/>und heraus mit <\/em><em>mut\u2019gem<\/em><em> Sang, w\u00e4r es auch zum letzten Gang!<\/em><em><br \/>Burschen heraus<\/em><em>!<\/em><\/p><p>In seinem Aufruf nimmt auch Professor Wallichs Bezug auf dieses Lied, da jedoch verschweigt er die letzte Zeile.<a href=\"#Verweise\"><span style=\"font-size: 8.0pt; color: black;\">24<\/span><\/a><\/p><p>Bei der Enth\u00fcllung der Tafel 1925 machen Rektor Hermann Bonin und stellvertretender Vorsitzender der Studentenschaft\u00a0Fraisewinkel deutlich, in welcher Form den Gefallenen gedacht werden soll. In seiner Ansprache rezitiert Bonin die oben genannte dritte Strophe des Liedes \u201eBurschen heraus\u201c und f\u00e4hrt fort zu betonen, dass alle \u201ewaffenf\u00e4higen M\u00e4nner und J\u00fcnglinge\u201c dem Aufruf Wallichs freudig gefolgt seien.<\/p><p style=\"text-align: center;\"><em>Mit Begeisterung <\/em><em>h\u00f6rten wir von den schweren K\u00e4mpfen, den gl\u00e4nzenden Siegen<\/em><em>, an denen unsere Leute teilgenommen haben. Mit leuchtenden Augen vernahmen wir, <\/em><em>da\u00df<\/em><em> wirklich<\/em><em> die akademische Jugend mit mutigem Gang sich die Feuertaufe holte<\/em><em>.<\/em><\/p><p>Weiter ist vom \u201eHeldentod\u201c und \u201eEhrenfriedh\u00f6fen\u201c die Rede, der trauernde Ton der Briefe des Rektors von 1918 ist einer patriotischen Verkl\u00e4rung des Krieges gewichen. Rektor Bonin spielt auf die Dolchsto\u00dflegende<a href=\"#Verweise\"><span style=\"font-size: 8.0pt; color: black;\">25<\/span><\/a><span dir=\"ltr\"> an, die unter Professoren und Studenten verbreitet und akzeptiert war:<a href=\"#Verweise\"><span style=\"font-size: 8.0pt; color: black;\">26<\/span><\/a><\/span><\/p><p style=\"text-align: center;\"><em>Und dann kamen schwere Zeiten; der Zusammenbruch unserer Wehrmacht!<\/em><em> Bruderk\u00e4mpfe im Inneren, Zeichen auch eines moralischen Verfalles.<\/em><em><br \/>Es kamen Zeiten, in denen es fast schwerer schien, f\u00fcr das Vaterland zu <\/em><em>leben als f\u00fcr es zu sterben; Zeiten, in denen wir diejenigen fast beneideten<\/em><em>, die in Feindesland unter dem k\u00fchlen Rasen ruhten.<\/em><\/p><p>[\/et_pb_text][\/et_pb_column][et_pb_column type=\"1_3\" _builder_version=\"4.16\" _module_preset=\"default\" global_colors_info=\"{}\"][\/et_pb_column][\/et_pb_row][et_pb_row column_structure=\"2_3,1_3\" _builder_version=\"4.16\" _module_preset=\"default\" custom_padding=\"0px|||||\" global_colors_info=\"{}\"][et_pb_column type=\"2_3\" _builder_version=\"4.16\" _module_preset=\"default\" global_colors_info=\"{}\"][et_pb_text _builder_version=\"4.16\" _module_preset=\"default\" global_colors_info=\"{}\"]<\/p><p>Es macht sich hier auch eine Abneigung gegen\u00fcber der Weimarer Demokratie deutlich, die in der Gesellschaft und besonders unter Studierenden weit verbreitet war.<a href=\"#Verweise\"><span style=\"font-size: 8.0pt; color: black;\">27<\/span><\/a><span dir=\"ltr\"><br \/>Zur Form des Denkmals erl\u00e4utert Bonin<\/span><\/p><p style=\"text-align: center;\"><em>Nicht ein au\u00dferhalb <\/em><em>unserer Hochschule stehender Denkstein, nicht eine entfernbare <\/em><em>oder entfernbar zu denkende Tafel soll die Namen unserer Helden zeigen, sondern<\/em><em> sie sollen fest und innig mit unserer Hochschule selbst <\/em><em>verwachsen sein, und wie wir hoffen, <\/em><em>da\u00df<\/em><em> dieses Geb\u00e4ude noch in die Jahrhunderte <\/em><em>hineinragen wird und noch Generationen von t\u00fcchtigen <\/em><em>deutschen Ingenieuren erziehen wird, so sollen auch ihre Namen in die Jahrhunderte hinein fortleben<\/em><em> als ein gl\u00e4nzendes Vorbild \u00e4u\u00dferster Pflichterf\u00fcllung f\u00fcr k\u00fcnftige Geschlechter.<\/em><\/p><p>Und er schlie\u00dft seine Enth\u00fcllungsrede mit den Worten:<\/p><p style=\"text-align: center;\"><em>S\u00fc\u00df ist es <\/em><em>und ehrenvoll, <\/em><em>f\u00fcr\u2019s<\/em><em> Vaterland zu sterben.<\/em><a href=\"#Verweise\"><span style=\"font-size: 8.0pt; color: black;\">28<\/span><\/a><\/p><p>Diese Phrase stammt vom Dichter Horaz und ist ein Beispiel f\u00fcr die patriotische Verkl\u00e4rung der Schreckend des Krieges, die in dieser Form auch bei anderen Kriegsparteien stattfand.<\/p><p>Der Rede des Rektors folgt die des stellvertretenden Vorsitzenden der Studentenschaft Fraisewinkel. Auch er lobt den patriotischen Einsatz der Soldaten f\u00fcr \u201eDeutschlands Gl\u00fcck\u201c.<\/p><p style=\"text-align: center;\"><em>Den Blick voran, so wollen wir uns <\/em><em>mutig daran begeben, an ihrem Werke neu zu bauen<\/em><em>. [\u2026] <\/em><em>So wollen wir an dieser Stelle unseren Toten geloben, <\/em><em>da\u00df<\/em><em> wir ihr Andenken <\/em><em>in Ehren halten und in ernster Arbeit zu Ende f\u00fchren werden.<\/em><em><br \/>Denn Deutschland muss leben!<\/em><a href=\"#Verweise\"><span style=\"font-size: 8.0pt; color: black;\">29<\/span><\/a><\/p><p>Es ist hier von Trauer keine Rede mehr, der Tod wird als \u201eSchicksal\u201c abgetan und eine Absicht, der Gr\u00e4uel des Krieges zu erinnern ist mitnichten zu erkennen.<\/p><p>Die Dolchsto\u00dflegende bezeichnet eine von der Oberen Heeresleitung nach dem Ende des ersten Weltkrieges verbreitete Verschw\u00f6rungstheorie. Statt die Niederlage des deutschen Reichs einzugestehen, behauptete man \u201eim Felde unbesiegt\u201c gewesen zu sein und bezichtigte Sozialdemokrat*innen, andere demokratische Politiker*innen und das \u201ebolschewistische Judentum\u201c des Verrats. Diese \u201eVaterlandslosen\u201c h\u00e4tten dem deutschen Reich einen Dolchsto\u00df von hinten zugef\u00fcgt. Die Dolchsto\u00dflegende gilt als bewusste Geschichtsf\u00e4lschung und befeuerte antisemitische, antidemokratische und antisozialistische Ressentiments in der Bev\u00f6lkerung.<\/p><p>[\/et_pb_text][et_pb_text _builder_version=\"4.16\" _module_preset=\"default\" global_colors_info=\"{}\"]<\/p><p><a href=\"#_ftn1\" name=\"_ftnref1\"><\/a><u><strong>Kritik an den Steintafeln<\/strong><\/u><\/p><p>Diese Form des Gedenkens und die Aufschrift \u00fcber den Tafeln f\u00fchrten seit 1989 mehrfach zu Kritik und Protesten gegen das Denkmal im Eingangsbereich des Hauptgeb\u00e4udes.<\/p><p>Ansto\u00df f\u00fcr den Protest waren Reparaturarbeiten an den Steintafeln zu Beginn des Jahres 1989. In der Studierendenschaft wurde heftig diskutiert, ob diese Form des Gedenkens einen Platz an der RWTH haben kann und darf. Auf Anregung der MAI (Maschinenbau-Initiative, Gruppe aus der Fachschaftsvertretung Maschinenbau) entstand ein Brief, der von verschiedenen Fachschaftsvollversammlungen unterst\u00fctzt wurde. Am 10. Mai wurde er auch vom Studierendenparlament der RWTH verabschiedet und dem damaligen Rektor Klaus Habetha zugesandt:<\/p><p><em>Sehr geehrter Herr <\/em><em>Habetha<\/em><em>,<\/em><em><br \/>die Reparaturarbeiten an den Heldengedenktafeln <\/em><em>am Eingang zur Aula haben seit Beginn des Jahres zu Diskussionen unter Studentinnen und Studenten gef\u00fchrt.<\/em><em><br \/>Wir glauben, <\/em><em>da\u00df<\/em><em> dieses Heldendenkmal baldm\u00f6glichst <\/em><em>beseitigt werden sollte. Eine solche Verherrlichung von Heldentod und Krieg ist mit den Grunds\u00e4tzen<\/em><em> einer friedlichen und demokratischen Gesellschaft nicht in Einklang zu bringen.<\/em><em><br \/>Die Hochschule sollte an dieser Stelle ein modernes Denkmal errichten, das<\/em><em> an die Verbrechen des nationalsozialistischen Deutschland erinnert. Es <\/em><em>sollte denen gewidmet sein, die wegen schuldhafter Verstrickung einzelner Hochschulangeh\u00f6riger und der RWTH als Institution <\/em><em>gelitten haben und ermordet worden sind.<\/em><em><br \/>Durch ein solches Denkmal am Eingang zur Aula w\u00fcrde die Hochschule <\/em><em>ein kritisches und waches Geschichtsbewusstsein zum Ausdruck bringen und gleichzeitig die Diskussion<\/em><em> um die Vergangenheit anregen.<\/em><em><br \/>Wir schlagen daher vor, eine Kommission zu gr\u00fcnden, <\/em><em>die einen Wettbewerb zur Neugestaltung des Aulaeingangs ausschreibt und dann <\/em><em>verschiedene Vorschl\u00e4ge vorlegt. An der Wahl des letztlich zu verwirklichenden Konzeptes soll<\/em><em>ten alle Hochschulangeh\u00f6rigen teilnehmen k\u00f6nnen.<\/em><a href=\"#Verweise\"><span style=\"font-size: 8.0pt; color: black;\">30<\/span><\/a><\/p><p>In der Folge wurden die Forderungen der Studierenden im Senat diskutiert. Auf Nachfrage des studentischen Senators Debener erl\u00e4utert der Rektor, dass die Forderungen im Rektorat diskutiert worden seien, man allerdings zu dem Entschluss gekommen sei, die Tafeln nicht zu ersetzen. \u201eMan erkenne in der Gedenktafel keine Heldenverehrung [\u2026]. Zudem solle man solche aus der Geschichte der hiesigen Hochschule entstandenen Zeugnisse nicht so leichtfertig entfernen. Diese Gedenktafeln g\u00e4ben die Auffassung der damaligen Hochschulangeh\u00f6rigen wieder.\u201c<a href=\"#Verweise\"><span style=\"font-size: 8.0pt; color: black;\">31<\/span><\/a><span dir=\"ltr\">\u00a0Die Debatte im Senat ist gepr\u00e4gt von der, aufgrund der schlechten Datenlage getroffenen, falschen Annahme, dass die Steintafeln gemeinsam mit dem Neubau der Aula 1940 und damit in der Zeit des Nationalsozialismus entstanden seien. Senator Demmer f\u00fchrt aus, dass man auch im Studierendenparlament geteilter Meinung bez\u00fcglich des Umgangs mit den Tafeln sei, es h\u00e4tten sich 21 der 41 Mitglieder f\u00fcr eine Entfernung ausgesprochen, w\u00e4hrend die \u00fcbrigen 20 dagegen gewesen w\u00e4ren. Hier ist besonders der RCDS zu nennen, der eine Entfernung f\u00fcr \u201eGeschichtsgl\u00e4ttung\u201c hielt und den anderen Gruppen vorwarf, die Gefallenen des Krieges mit F\u00fc\u00dfen zu treten.<a href=\"#Verweise\"><span style=\"font-size: 8.0pt; color: black;\">32<\/span><\/a><span dir=\"ltr\">\u00a0Als Kompromiss schl\u00e4gt Demmer die Anbringung einer Hinweistafel neben dem Denkmal vor, so k\u00f6nne man zum Nachdenken anregen, ohne die Spuren der damaligen Zeit im Nachhinein zu verwischen.\u00a0Professor Johannes Erger wirft der Gruppe, die f\u00fcr eine Entfernung pl\u00e4diert, vor, Geschichtsereignisse nachtr\u00e4glich ver\u00e4ndern zu wollen. Es kommt in der Debatte zu keiner Einigung.<a href=\"#Verweise\"><span style=\"font-size: 8.0pt; color: black;\">33<\/span><\/a><\/span><\/span><\/p><p>Die Debatte im Senat veranlasste die Fachschaft Philosophie in Ihrer Zeitschrift PhilFalt einige Thesen zur Diskussion zu ver\u00f6ffentlichen, es ging hierbei vor allem um die oft vorgebrachte Argumentation, dass der Weltkrieg an sich zwar menschenfeindlich und falsch war, die Soldaten als Individuen aber zu ehren seien. Die Autor*innen geben zu bedenken, dass gerade der Fakt, dass viele Soldaten freiwillig, gar euphorisch in den Krieg zogen heute umso mehr Anlass zum Reflektieren und kritischen Hinterfragen sein muss.\u00a0<\/p><p>[\/et_pb_text][et_pb_text _builder_version=\"4.16\" _module_preset=\"default\" global_colors_info=\"{}\"]<\/p><p>Dass die Soldaten im ersten Weltkrieg T\u00e4ter, ja \u201eM\u00f6rder\u201c waren, schlie\u00dfe nicht aus, dass sie auch Opfer gewesen sein k\u00f6nnen. Doch erst das Anerkennen einer Mitt\u00e4terschaft erm\u00f6gliche einen Weg hin zu einem antimilitaristischen und pazifistischen Bewusstsein und damit hin zu einem effektiven Widerstand der Gesellschaft gegen totalit\u00e4re Tendenzen. Das Argument, die Tafeln seien ein historisches Dokument gehe nach Meinung der Autoren an der Realit\u00e4t vorbei. \u201e1. hat man nach dem zweiten Weltkrieg alle Hakenkreuze und Reichsadler demontiert und 2. wurde ganz ausdr\u00fccklich nicht ein kommentarloses Abnehmen, sondern eine dauerhafte Dokumentation [\u2026] gefordert.\u201c, der \u201ehistorische \u201aWert\u2018\u201c der Tafeln bliebe also erhalten, es gehe mehr darum, diese Form des Heldengedenkens, dass die Schrecken des Krieges mit einem Schein der \u201eEhre\u201c \u00fcberziehen wolle, abzuschaffen.<a href=\"#Verweise\"><span style=\"font-size: 8.0pt; color: black;\">34<\/span><\/a><\/p><p>Der Konflikt konnte nicht aufgel\u00f6st werden. Die Gegner*innen einer Beseitigung argumentierten, die Tafeln zeigten, dass \u201eim Krieg immer alle Opfer sind\u201c und hielten die Erinnerung an das Sterben Tausender auf den Schlachtfeldern wach. Die Steintafeln seien ein Mahnmal f\u00fcr den Frieden und ihre Beseitigung k\u00e4me dem Versuch gleich, Geschichte umschreiben zu wollen. Die Bef\u00fcrworter*innen einer Beseitigung sahen in den Tafeln eine Form der Kriegsverherrlichung und verkn\u00fcpften sie mit antidemokratischer und nationalistischer Gesinnung.<a href=\"#Verweise\"><span style=\"font-size: 8.0pt; color: black;\">35<\/span><\/a><\/p><p>In der Senatssitzung vom 06.12.1990 erl\u00e4utert der Rektor auf erneute Nachfrage des studentischen Senators Diepers, wie der Stand der Dinge bez\u00fcglich der Steintafeln sei, dass eine Sonderkommission unter Beteiligung von Studierenden die Thematik diskutiert habe. Man sei dort zu dem Entschluss gekommen, die Tafeln als historisches Dokument f\u00fcr sich wirken zu lassen, vor allem in Anbetracht der Erkenntnis, dass die Tafeln bereits 1925 enth\u00fcllt wurden. Dies hatte ein Student bei der Recherche herausgefunden. Auch sei bei Nachforschungen aufgefallen, dass die Hochschule im Jahre 1953 eine Statue zum Gedenken an die Opfer des Nationalsozialismus gestiftet habe (siehe weinender J\u00fcngling). Eine Hinweistafel sei machbar, aber nicht w\u00fcnschenswert.<a href=\"#Verweise\"><span style=\"font-size: 8.0pt; color: black;\">36<\/span><\/a><\/p><p>Erneute Aufmerksamkeit erlangte das Denkmal durch eine Aktion von Student*innen der Fachschaft Lehramt im Jahr 1991. Anl\u00e4sslich studentischer Aktionstage zum Golfkrieg brachten diese ein Banner und damit eine neue \u00dcberschrift an den Tafeln an, f\u00fcr wenige Stunden prangte der Spruch \u201eDer Tod ist ein Meister aus Deutschland<a href=\"#Verweise\"><span style=\"font-size: 8.0pt; color: black;\">37<\/span><\/a><span dir=\"ltr\"> \u00fcber der Aula. Thema der Aktionstage waren vor allem die R\u00fcstungsexporte der BRD und die Frage nach R\u00fcstungsforschung an der RWTH.<a href=\"#Verweise\"><span style=\"font-size: 8.0pt; color: black;\">38,39<\/span><\/a><\/span><\/p><p>Begleitend zum 125j\u00e4hrigen Bestehen der RWTH gaben ehemalige und damals aktive Studierende einen Sammelband von Aufs\u00e4tzen zur Geschichte der Hochschule heraus. Dieser setzte sich kritisch mit der Universit\u00e4t auseinander und war als Gegenentwurf zur offiziellen Festschrift gedacht. In seinem Aufsatz \u201eS\u00fc\u00df ist es und ehrenvoll, f\u00fcr\u2018s Vaterland zu sterben\u201c setzt sich der ehemalige studentische Senator der RWTH, Hermann-Josef Diepers mit den Steintafeln zusammen. Er fasst die Diskussionen um die Tafeln 1989\/90 aber auch die Entstehung zusammen. Der Aufsatz schlie\u00dft mit den Worten:<\/p><p style=\"text-align: center;\"><em>An die Adresse der RWTH <\/em><em>bleibt daher zu fragen, wie lange sie noch der T\u00e4ter gedenkt und dies als Opfergedenken bezeichnet<\/em><em>. Ein w\u00fcrdiges <\/em><em>Denkmal sollte denen gelten, die sich gegen menschenverachtende Kriegspolitik <\/em><em>(<\/em><em>nicht nur der Nationalsozialisten) wandten und deshalb auch innerhalb der TH verfolgt <\/em><em>wurden, wie das Beispiel der Professoren Meusel<\/em><a href=\"#Verweise\"><span style=\"font-size: 8.0pt; color: black;\">40<\/span><\/a><span dir=\"ltr\"><em> und Blumenthal<\/em><a href=\"#Verweise\"><span style=\"font-size: 8.0pt; color: black;\">41<\/span><\/a><span dir=\"ltr\"><em> zeigt.<\/em><em><br \/><\/em><em><strong>Die Tafeln in der Aula geh\u00f6ren beseitigt!<\/strong><\/em><a href=\"#Verweise\"><span style=\"font-size: 8.0pt; color: black;\">42<\/span><\/a><\/span><\/span><\/p><p>Zum bis dato letzten Mal wurde das Thema in der studentischen Zeitung K\u00e1rm\u00e1n Nr. 38 von 2008 aufgegriffen. Im Leitartikel mit dem Titel \u201eNeue Helden f\u00fcr die RWTH \u2013 Warum der Spruch \u00fcber der Aula I problematisch ist\u201c fordern die Autor*innen, die Tafeln nicht unkommentiert stehen zu lassen, sondern sie mittels einer Informationstafel in den korrekten historischen Kontext einzuordnen. Provokativ schlie\u00dft der Artikel mit der Frage \u201eob die RWTH keine anderen \u201aHelden\u2018 zu bieten hat als Kriegstote\u201c. Der Artikel blieb nicht ohne Wirkung, die RWTH brachte eine Plakette neben der Tafel an.<\/p><p>Alfred Meusel war seit 1930 ordentlicher Professor f\u00fcr Volkswirtschaftslehre an der RWTH und wurde 1933 aus politischen Gr\u00fcnden entlassen, Grund hierf\u00fcr war seine N\u00e4he zur KPD und die ehemalige Mitgliedschaft in der SPD. Die Entlassung folgte der Denunziation durch den AStA. Meusel konnte fliehen und starb 1960 in Ost-Berlin.<\/p><p>Otto Blumenthal war seit 1905 Professor f\u00fcr Mathematik an der RWTH und wurde 1933 aus politischen Gr\u00fcnden entlassen, Grund hierf\u00fcr waren seine j\u00fcdischen Gro\u00dfeltern sowie die Mitgliedschaft in der \u201eDeutschen Liga f\u00fcr Menschenrechte\u201c. Die Entlassung folgte der Denunziation durch den AStA.\u00a0Blumenthal starb 1944 im Konzentrationslager Theresienstadt.<\/p><p>[\/et_pb_text][et_pb_text _builder_version=\"4.16\" _module_preset=\"default\" global_colors_info=\"{}\"]<\/p><p><u><strong>Fazit<\/strong><\/u><\/p><p>Anders als 1989 angenommen entstanden die Steintafeln nicht in der Zeit des Nationalsozialismus sondern 8 Jahre vor der Macht\u00fcbernahme Hitlers, 1925. Doch die Fragestellung, ob diese Art des Gedenkens heute noch angemessen ist, bleibt bestehen.<\/p><p>Als Jugendliche und junge M\u00e4nner im Jahr 1914 f\u00fcr Deutschland an die Front zogen, taten sie das h\u00e4ufig unter falschen Vorstellungen vom Krieg der sie erwartete und aufgrund eines gesellschaftlich weit verbreiteten Patriotismus. F\u00fcr viele Soldaten an der Front war der \u201eKriegstaumel\u201c bald vorbei und mehrere Millionen lie\u00dfen ihr Leben in diesem hochtechnisierten Krieg, teilweise in aussichtslosen Stellungsschlachten, manche nahmen den Krieg als regelrechte industrielle Abschlachtung wahr.<\/p><p>Doch diese Schrecken und Grausamkeiten des Krieges wurden in der Nachbetrachtung unmittelbar nach dem Krieg nicht zur Sprache gebracht. Stattdessen \u00fcberh\u00f6hte man den Einsatz der deutschen Soldaten zu einem patriotischen, fast m\u00e4rtyrerhaften Akt. Die Jugendlichen und jungen M\u00e4nner seien f\u00fcr das \u201eGl\u00fcck der deutschen Nation\u201c gestorben. Der mit den Siegerm\u00e4chten geschlossene Vertrag wurde in vielen Kreisen als Verrat am deutschen Volk gesehen.<\/p><p>In dieser Tradition steht auch das Mahnmal f\u00fcr die Gefallenen des ersten Weltkriegs der RWTH. Die Tafeln verehren die Gefallenen eindeutig als Helden, was in den Enth\u00fcllungsreden besonders deutlich wird. Das nationalistische Gedankengut und die Verkl\u00e4rung des Krieges durchsetzen die Reden des damaligen Rektors und des Studentenf\u00fchrers. Sie machen klar: Unsere Helden, die Helden des deutschen Volkes, sollen auf ewig fest verbunden mit der Hochschule sein, ideologisch und architektonisch.<\/p><p>Mehrfach haben Studenten ihre Kritik an diesem \u201eHeldendenkmal\u201c ge\u00e4u\u00dfert, die Hochschule hat die Einw\u00e4nde nie aufgenommen. Anfangs lehnte man die geforderte Ersetzung einfach ab und warf Studierenden vor, die Geschichte bereinigen zu wollen. Sp\u00e4ter wollte man in den Tafeln keine Heldenverehrung erkennen. Auch bei der erneuten Kritik 2008 war die Antwort nicht etwa eine Auseinandersetzung mit dem Denkmal, sondern eine kleine Infotafel mit einem Link zu einem Wikipedia-Artikel. All das ist kein gelungener Umgang mit der Geschichte, sondern der d\u00fcrftige Versuch, studentischen Protest zu beschwichtigen.<\/p><p>In Ihrer Grundordnung betont die RWTH, ausschlie\u00dflich friedliche Ziele zu verfolgen und ihren Beitrag zu einer nachhaltigen, friedlichen und demokratischen Welt zu leisten.<a href=\"#Verweise\"><span style=\"font-size: 8.0pt; color: black;\">43<\/span><\/a><span dir=\"ltr\">\u00a0Der erste Weltkrieg und das Gedenken der Soldaten dieses Krieges in einer r\u00fchmenden Darstellung, die die Gr\u00e4uel des Krieges verschleiert stehen mit diesem Grundsatz mindestens im Konflikt. Der Standort und die Form des Denkmals machen die Steintafeln im Hauptgeb\u00e4ude zur sichtbarsten und pr\u00e4sentesten Form des Gedenkens an der RWTH. Gerade im Hinblick auf die Menge der Studierenden, die t\u00e4glich an den nahezu unkommentierten Tafeln vorbeil\u00e4uft, ist es doch zumindest fraglich, ob die Universit\u00e4t hier ihrem Anspruch an sich gerecht wird und ob es nicht wohl bessere Gegenst\u00e4nde des Gedenkens g\u00e4be. Oder anders: Hat die RWTH denn keine anderen Helden zu bieten als Kriegstote?<\/span><\/p><p>\u00a0<\/p><p>[\/et_pb_text][et_pb_text _builder_version=\"4.16\" _module_preset=\"default\" global_colors_info=\"{}\"]<\/p><p><u><strong>Dank<\/strong><\/u><\/p><p>Besonderer Dank gilt ohne gesonderte Hierarchie:<\/p><ul><li>Dem Hochschularchiv der RWTH<\/li><li>Der Stadtbibliothek Aachen<\/li><li>Der Fachschaft Philosophie f\u00fcr die Bereitstellung von Ausgaben der PhilFalt<\/li><li>Herrn Hermann-Josef Diepers und allen beteiligten Autor*innen f\u00fcr \u201e\u2026von aller Politik denkbar weit entfernt\u201c, ein Beispiel und Vorbild f\u00fcr engagierte Studierendenschaft und definitiv eine spannende Lekt\u00fcre<\/li><\/ul><p>[\/et_pb_text][\/et_pb_column][et_pb_column type=\"1_3\" _builder_version=\"4.16\" _module_preset=\"default\" global_colors_info=\"{}\"][\/et_pb_column][\/et_pb_row][et_pb_row column_structure=\"2_3,1_3\" _builder_version=\"4.16\" _module_preset=\"default\" custom_padding=\"0px|||||\" global_colors_info=\"{}\"][et_pb_column type=\"2_3\" _builder_version=\"4.16\" _module_preset=\"default\" global_colors_info=\"{}\"][et_pb_text _builder_version=\"4.17.3\" _module_preset=\"default\" global_colors_info=\"{}\"]<\/p><p style=\"text-align: left;\"><em><span dir=\"ltr\">Aachen den 2.05.2022 (fg)<\/span><\/em><\/p><p>[\/et_pb_text][et_pb_button button_url=\"https:\/\/www.asta.rwth-aachen.de\/wp-content\/uploads\/Steintafeln-zum-1_Weltkrieg.pdf\" button_text=\"Dieses Dokument als PDF herunterladen\" _builder_version=\"4.16\" _module_preset=\"default\" global_colors_info=\"{}\"][\/et_pb_button][\/et_pb_column][et_pb_column type=\"1_3\" _builder_version=\"4.16\" _module_preset=\"default\" global_colors_info=\"{}\"][et_pb_text _builder_version=\"4.16\" _module_preset=\"default\" global_colors_info=\"{}\"]<\/p><p>\u00a0<\/p><p>\u00a0<\/p><p>[\/et_pb_text][et_pb_button button_url=\"https:\/\/www.asta.rwth-aachen.de\/projekte\/mahnmale-der-rwth\/\" button_text=\"Zur\u00fcck zur \u00dcbersicht\" _builder_version=\"4.16\" _module_preset=\"default\" locked=\"off\" global_colors_info=\"{}\"][\/et_pb_button][\/et_pb_column][\/et_pb_row][et_pb_row _builder_version=\"4.16\" background_size=\"initial\" background_position=\"top_left\" background_repeat=\"repeat\" global_colors_info=\"{}\"][et_pb_column type=\"4_4\" _builder_version=\"4.16\" custom_padding=\"|||\" global_colors_info=\"{}\" custom_padding__hover=\"|||\"][et_pb_text _builder_version=\"4.16\" _module_preset=\"default\" global_colors_info=\"{}\"]<\/p><h2><span dir=\"ltr\"><strong>Literatur:<\/strong> <\/span><\/h2><p>Autorenkollektiv (1995), \u2026von aller Politik denkbar weit entfernt \u2013 Die RWTH \u2013 Ein Lesebuch, Aachen.<\/p><p>Ricking, Klaus (1995), Der Geist bewegt die Materie \u2013 Mens agitat\u00a0molem. 125 Jahre Geschichte der RWTH, Aachen.<\/p><p>Klinkenberg, Hans Martin (1970), Rheinisch-Westf\u00e4lische Technische Hochschule Aachen 1870|1970, Stuttgart.<\/p><p>Zirlewagen, Marc (2008), Wir siegen oder fallen \u2013 Deutsche Studenten im Ersten Weltkrieg, K\u00f6ln.<\/p><p>Diverse Akten des Hochschularchivs der RWTH, insbesondere Akte Nr. 584<\/p><p><a href=\"https:\/\/zeitpunkt.nrw\/\"><u>https:\/<\/u><u>\/<\/u><u>zeitpunkt.nrw\/<\/u><\/a> f\u00fcr Ausgaben des \u201eEcho der Gegenwart\u201c und des \u201ePolitisches Tageblatt \u2013 Aachener Anzeiger\u201c<\/p><p>[\/et_pb_text][et_pb_text _builder_version=\"4.16\" _module_preset=\"default\" global_colors_info=\"{}\"]<\/p><h2 id=\"Verweise\">Verweise:<\/h2><p><strong>1<\/strong> <a href=\"https:\/\/www.archiv.rwth-aachen.de\/web\/Online%20Praesentation%201_WK\/index.htm\"><u>https:\/\/www.archiv.rwth-aachen.de\/web\/Online%20Praesentation%201_WK\/index.htm<\/u><\/a> abgerufen am 03.12.2021<br \/><strong>2<\/strong> Hermann-Josef Diepers, \u201eS\u00fc\u00df ist es und ehrenvoll, f\u00fcr\u2019s Vaterland zu sterben\u201c in \u201e\u2026von aller Politik denkbar weit entfernt\u201c, S. 81<br \/><strong>3<\/strong> Ebd., S. 85<br \/><strong>4<\/strong> Ralf Schr\u00f6der, \u201eFragmente zur Geschichte und Gegenwart Aachener Studentenverbindungen\u201c in \u201e...von aller Politik denkbar weit entfernt\u201c, S. 17-22<br \/><strong>5<\/strong> Klaus Ricking, \u201eDer Geist bewegt die Materie \u2013 Mens agitat\u00a0molem. 125 Jahre Geschichte der RWTH Aachen\u201c, S. 118 f.<br \/><strong>6<\/strong> Martin Biastoch, \u201eStudenten und Universit\u00e4ten im Kaiserreich \u2013 Ein \u00dcberblick\u201c in \u201eWir siegen oder Fallen\u201c<br \/><strong>7 <\/strong>Ricking, S. 119<br \/><strong>8 <\/strong>Johanna Zigan, \u201eDer erste Weltkrieg als Katalysator f\u00fcr die gesellschaftliche und politische Anerkennung der Ingenieurswissenschaft\u201c in \u201eWir siegen oder fallen\u201c<br \/><strong>9 <\/strong>Ebd., S. 119 ff.<br \/><strong>10 <\/strong>Hans Martin Klinkenberg, \u201eRheinisch Westf\u00e4lische Technische Hochschule Aachen 1870|1970\u201c, S. 76 f.<br \/><strong>11 <\/strong>Zigan, S. 112 ff.<br \/><strong>12 <\/strong>Ebd., S. 110 und Diepers, S. 82<br \/><strong>13 <\/strong>Ebd., S. 85<br \/><strong>14 <\/strong>Brief des Rektors, Hochschularchiv Akte 584<br \/><strong>15 <\/strong>Ebd.<br \/><strong>16 <\/strong>Politisches Tageblatt Nr. 504 vom 03.07.1925<br \/><strong>17 <\/strong>Diepers, S. 97<br \/><strong>18 <\/strong>Politisches Tageblatt Nr. 504 vom 03.07.1925<br \/><strong>19 <\/strong>Notiz des Rektors 13.01.1928, Hochschularchiv Akte 584<br \/><strong>20 <\/strong>Brief des Rektors an Prof. v. Brandis, Ebd.<br \/><strong>21 <\/strong>Klinkenberg, S. 110<br \/><strong>22 <\/strong>Brief Prof. Buchkremer an den Rektor, Hochschularchiv Akte 584<br \/><strong>23 <\/strong>Diepers, S. 85<br \/><strong>24 <\/strong>Ebd., S. 89<br \/><strong>25 <\/strong>Die Dolchsto\u00dflegende bezeichnet eine von der Oberen Heeresleitung nach dem Ende des ersten Weltkrieges verbreitete Verschw\u00f6rungstheorie. Statt die Niederlage des deutschen Reichs einzugestehen, behauptete man \u201eim Felde unbesiegt\u201c gewesen zu sein und bezichtigte Sozialdemokrat*innen, andere demokratische Politiker*innen und das \u201ebolschewistische Judentum\u201c des Verrats. Diese \u201eVaterlandslosen\u201c h\u00e4tten dem deutschen Reich einen Dolchsto\u00df von hinten zugef\u00fcgt. Die Dolchsto\u00dflegende gilt als bewusste Geschichtsf\u00e4lschung und befeuerte antisemitische, antidemokratische und antisozialistische Ressentiments in der Bev\u00f6lkerung.<br \/><strong>26 <\/strong>Boris Barth, \u201eProfessoren, Studenten und die Legende vom Dolchsto\u00df\u201c in \u201eWir siegen oder fallen\u201c, S. 377<br \/><strong>27 <\/strong>Ebd. und Biastoch, S. 20<br \/><strong>28 <\/strong>Enth\u00fcllungsrede des Rektors Bonin aus \u201ePolitisches Tageblatt \u2013 Aachener Anzeiger\u201c vom 03.07.1925<br \/><strong>29 <\/strong>Enth\u00fcllungsrede des stellvertretenden Vorsitzenden der Studentenschaft Fraisewinkel aus \u201ePolitisches Tageblatt \u2013 Aachener Anzeiger\u201c vom 03.07.1925<br \/><strong>30 <\/strong>Diepers, S. 81 f.<br \/><strong>31 <\/strong>Sitzungsniederschrift des Senats vom 01.06.1989 S. 26 f., Hochschularchiv Akte 11139<br \/><strong>32 <\/strong>Diepers, S. 82<br \/><strong>33 <\/strong>Sitzungsniederschrift des Senats vom 01.06.1989<br \/><strong>34 <\/strong>PhilFalt 9\/89\u00a0<br \/><strong>35 <\/strong>Notizen zur PhilFalt, Fachschaft Philosophie<br \/><strong>36 <\/strong>Sitzungsniederschrift des Senats vom 06.12.1990,<br \/><strong>37 <\/strong>Die Worte stammen aus der \u201eTodesfuge\u201c von Paul Celan. Das Gedicht thematisiert die nationalsozialistische Judenvernichtung und gilt als eines der bekanntesten und bedeutendsten deutschsprachigen Gedichte. Der genannte Satz ist zu einer h\u00e4ufig verwendeten Parole linker Friedensproteste geworden.<br \/><strong>38 <\/strong>Diepers, S. 81<br \/><strong>39 <\/strong>N\u00e4heres zum Thema R\u00fcstungsforschung auch in der Sitzungsniederschrift des Senates vom 07.02.1991, Hochschularchiv Akte 11209 sowie Diepers, S. 239 ff.<br \/><strong>40 <\/strong>Alfred Meusel war seit 1930 ordentlicher Professor f\u00fcr Volkswirtschaftslehre an der RWTH und wurde 1933 aus politischen Gr\u00fcnden entlassen, Grund hierf\u00fcr war seine N\u00e4he zur KPD und die ehemalige Mitgliedschaft in der SPD. Die Entlassung folgte der Denunziation durch den AStA. Meusel konnte fliehen und starb 1960 in Ost-Berlin.<br \/><strong>41 <\/strong>Otto Blumenthal war seit 1905 Professor f\u00fcr Mathematik an der RWTH und wurde 1933 aus politischen Gr\u00fcnden entlassen, Grund hierf\u00fcr waren seine j\u00fcdischen Gro\u00dfeltern sowie die Mitgliedschaft in der \u201eDeutschen Liga f\u00fcr Menschenrechte\u201c. Die Entlassung folgte der Denunziation durch den AStA. Blumenthal starb 1944 im Konzentrationslager Theresienstadt.<br \/><strong>42 <\/strong>Diepers, S. 97<br \/><strong>43 <\/strong>Grundordnung der RWTH in der Fassung vom 13.03.2020, Pr\u00e4ambel, S. 4<\/p><p>[\/et_pb_text][\/et_pb_column][\/et_pb_row][\/et_pb_section]<\/p>","_et_gb_content_width":"","episode_type":"","audio_file":"","podmotor_file_id":"","podmotor_episode_id":"","cover_image":"","cover_image_id":"","duration":"","filesize":"","filesize_raw":"","date_recorded":"","explicit":"","block":"","itunes_episode_number":"","itunes_title":"","itunes_season_number":"","itunes_episode_type":"","footnotes":""},"class_list":["post-36341","page","type-page","status-publish","hentry"],"publishpress_future_action":{"enabled":false,"date":"2026-05-03 08:30:08","action":"change-status","newStatus":"draft","terms":[],"taxonomy":"translation_priority","extraData":[]},"publishpress_future_workflow_manual_trigger":{"enabledWorkflows":[]},"_links":{"self":[{"href":"https:\/\/www.asta.rwth-aachen.de\/en\/wp-json\/wp\/v2\/pages\/36341","targetHints":{"allow":["GET"]}}],"collection":[{"href":"https:\/\/www.asta.rwth-aachen.de\/en\/wp-json\/wp\/v2\/pages"}],"about":[{"href":"https:\/\/www.asta.rwth-aachen.de\/en\/wp-json\/wp\/v2\/types\/page"}],"author":[{"embeddable":true,"href":"https:\/\/www.asta.rwth-aachen.de\/en\/wp-json\/wp\/v2\/users\/85"}],"replies":[{"embeddable":true,"href":"https:\/\/www.asta.rwth-aachen.de\/en\/wp-json\/wp\/v2\/comments?post=36341"}],"version-history":[{"count":0,"href":"https:\/\/www.asta.rwth-aachen.de\/en\/wp-json\/wp\/v2\/pages\/36341\/revisions"}],"wp:attachment":[{"href":"https:\/\/www.asta.rwth-aachen.de\/en\/wp-json\/wp\/v2\/media?parent=36341"}],"curies":[{"name":"wp","href":"https:\/\/api.w.org\/{rel}","templated":true}]}}