{"id":39852,"date":"2023-03-28T20:14:02","date_gmt":"2023-03-28T18:14:02","guid":{"rendered":"https:\/\/www.asta.rwth-aachen.de\/?page_id=39852"},"modified":"2025-09-10T15:08:25","modified_gmt":"2025-09-10T13:08:25","slug":"jobs-at-the-asta","status":"publish","type":"page","link":"https:\/\/www.asta.rwth-aachen.de\/en\/jobs-at-the-asta\/","title":{"rendered":"Jobs at the AStA"},"content":{"rendered":"<p>[et_pb_section fb_built=&#8221;1&#8243; _builder_version=&#8221;4.19.4&#8243; _module_preset=&#8221;default&#8221; global_colors_info=&#8221;{}&#8221;][et_pb_row _builder_version=&#8221;4.19.4&#8243; _module_preset=&#8221;default&#8221; global_colors_info=&#8221;{}&#8221;][et_pb_column type=&#8221;4_4&#8243; _builder_version=&#8221;4.19.4&#8243; _module_preset=&#8221;default&#8221; global_colors_info=&#8221;{}&#8221;][et_pb_text _builder_version=&#8221;4.19.4&#8243; _module_preset=&#8221;default&#8221; custom_margin=&#8221;||19px|||&#8221; global_colors_info=&#8221;{}&#8221;]<\/p>\n<h2>Jobs im AStA<\/h2>\n<div class=\"et_pb_column et_pb_column_3_4 et_pb_column_1  et_pb_css_mix_blend_mode_passthrough\">\n<div class=\"et_pb_module et_pb_text et_pb_text_1  et_pb_text_align_left et_pb_bg_layout_light\">\n<div class=\"et_pb_text_inner\">\n<p>On this page you will find job offers at the AStA of RWTH Aachen University, which are specifically aimed at students of RWTH Aachen University. Click on the headings to find out more about the positions.<\/p>\n<p><em>Would you like to volunteer in the student body?<\/em><\/p>\n<p>Then you&#8217;ve come to the right place.<\/p>\n<p>If you have any questions or problems, you can contact <a href=\"mailto:jobben@asta.rwth-aachen.de\">jobben@asta.rwth-aachen.de<\/a> at any time.<\/p>\n<\/div>\n<\/div>\n<\/div>\n<div class=\"et_pb_column et_pb_column_1_4 et_pb_column_2  et_pb_css_mix_blend_mode_passthrough et-last-child\"><\/div>\n<p>[\/et_pb_text][\/et_pb_column][\/et_pb_row][et_pb_row _builder_version=&#8221;4.19.4&#8243; _module_preset=&#8221;default&#8221; global_colors_info=&#8221;{}&#8221;][et_pb_column type=&#8221;4_4&#8243; _builder_version=&#8221;4.19.4&#8243; _module_preset=&#8221;default&#8221; global_colors_info=&#8221;{}&#8221;][et_pb_blurb content_max_width=&#8221;1000px&#8221; disabled_on=&#8221;on|on|on&#8221; admin_label=&#8221;Ref Finanzen&#8221; _builder_version=&#8221;4.21.0&#8243; _module_preset=&#8221;default&#8221; disabled=&#8221;on&#8221; global_colors_info=&#8221;{}&#8221;]<\/p>\n<div class=\"page\" title=\"Page 1\">\n<div class=\"layoutArea\">\n<div class=\"column\">\n<div class=\"page\" title=\"Page 3\">\n<div class=\"layoutArea\">\n<div class=\"column\">\n<h3><a href=\"https:\/\/www.asta.rwth-aachen.de\/job\/referentin-fuer-finanzen-und-organisation-im-asta\/\"><strong>Referent*in fu\u0308r Finanzen und Organisation im AStA<\/strong><\/a><\/h3>\n<\/div>\n<\/div>\n<\/div>\n<\/div>\n<\/div>\n<\/div>\n<div class=\"page\" title=\"Page 1\">\n<div class=\"layoutArea\">\n<div class=\"column\">\n<div class=\"page\" title=\"Page 3\">\n<div class=\"layoutArea\">\n<div class=\"column\">\n<p>Werde Teil der studentischen Vertretung an der RWTH und engagiere dich im AStA, dem Allgemeinen Studierendenausschuss!<\/p>\n<p>Du schreckst nicht vor vielen Zahlen zuru\u0308ck, bist zuverla\u0308ssig, verantwortungsbewusst und arbeitest organisiert und strukturiert: Dann suchen wir dich!<\/p>\n<p>Wenn du neben dem Studium fu\u0308r ein Jahr etwas anderes machen mo\u0308chtest, dich gerne in der Studierendenschaft engagieren mo\u0308chtest und Freude an Herausforderungen hast, ist das Referat fu\u0308r Finanzen und Organisation eine ideale Chance.<\/p>\n<\/div>\n<\/div>\n<\/div>\n<\/div>\n<\/div>\n<\/div>\n<p>[\/et_pb_blurb][et_pb_blurb content_max_width=&#8221;1000px&#8221; disabled_on=&#8221;on|on|on&#8221; admin_label=&#8221;Ref Finanzen&#8221; _builder_version=&#8221;4.27.4&#8243; _module_preset=&#8221;default&#8221; disabled=&#8221;on&#8221; global_colors_info=&#8221;{}&#8221;]<\/p>\n<div class=\"page\" title=\"Page 1\">\n<div class=\"layoutArea\">\n<div class=\"column\">\n<div class=\"page\" title=\"Page 3\">\n<div class=\"layoutArea\">\n<div class=\"column\">\n<h3><a href=\"https:\/\/www.asta.rwth-aachen.de\/en\/job\/project-manager-for-political-education\/\"><strong><span data-olk-copy-source=\"MessageBody\">Project manager for Political Education<\/span><\/strong><\/a><\/h3>\n<\/div>\n<\/div>\n<\/div>\n<\/div>\n<\/div>\n<\/div>\n<div class=\"page\" title=\"Page 1\">\n<div class=\"layoutArea\">\n<div class=\"column\">\n<div class=\"page\" title=\"Page 3\">\n<div class=\"layoutArea\">\n<div class=\"column\">\n<p>If you would like to volunteer for the student body, are interested in political topics, are particularly passionate about a topic or already have the perfect person for a lecture in mind, then the Political Education Department is the right place for you.<\/p>\n<p>If you are interested, please send an email to politik@asta.rwth-aachen.de by November 28, 2024 for an interview\/with a short letter of motivation.<\/p>\n<\/div>\n<\/div>\n<\/div>\n<\/div>\n<\/div>\n<\/div>\n<p>[\/et_pb_blurb][et_pb_blurb content_max_width=&#8221;1000px&#8221; disabled_on=&#8221;on|on|on&#8221; admin_label=&#8221;PL_Bicycle&#8221; _builder_version=&#8221;4.26.1&#8243; _module_preset=&#8221;default&#8221; disabled=&#8221;on&#8221; global_colors_info=&#8221;{}&#8221;]<\/p>\n<div class=\"page\" title=\"Page 1\">\n<div class=\"layoutArea\">\n<div class=\"column\">\n<div class=\"page\" title=\"Page 3\">\n<div class=\"layoutArea\">\n<div class=\"column\">\n<h3><a href=\"https:\/\/www.asta.rwth-aachen.de\/en\/job\/member-of-the-bicycle-workshop\/\"><strong>Member of the Bicycle Workshop<\/strong><\/a><\/h3>\n<\/div>\n<\/div>\n<\/div>\n<\/div>\n<\/div>\n<\/div>\n<div class=\"page\" title=\"Page 1\">\n<div class=\"layoutArea\">\n<div class=\"column\">\n<div class=\"page\" title=\"Page 3\">\n<div class=\"layoutArea\">\n<div class=\"column\">\n<p><span data-contrast=\"auto\">We are currently looking for active support for our <\/span><a href=\"https:\/\/www.asta.rwth-aachen.de\/en\/service\/bicycle-workshop\/\"><span data-contrast=\"none\">bicycle repair team<\/span><\/a><span data-contrast=\"auto\">. If you enjoy working on bicycles and would like to volunteer for your fellow students, get in touch with us!<\/span><span data-ccp-props=\"{&quot;134233117&quot;:true,&quot;134233118&quot;:true,&quot;201341983&quot;:0,&quot;335559739&quot;:200,&quot;335559740&quot;:240}\">\u00a0<\/span><\/p>\n<\/div>\n<\/div>\n<\/div>\n<\/div>\n<\/div>\n<\/div>\n<p>[\/et_pb_blurb][et_pb_blurb content_max_width=&#8221;1000px&#8221; disabled_on=&#8221;on|on|on&#8221; admin_label=&#8221;PL_Rental&#8221; _builder_version=&#8221;4.26.1&#8243; _module_preset=&#8221;default&#8221; disabled=&#8221;on&#8221; locked=&#8221;off&#8221; global_colors_info=&#8221;{}&#8221;]<\/p>\n<div class=\"page\" title=\"Page 1\">\n<div class=\"layoutArea\">\n<div class=\"column\">\n<div class=\"page\" title=\"Page 3\">\n<div class=\"layoutArea\">\n<div class=\"column\">\n<h3 class=\"entry-title\"><a href=\"https:\/\/www.asta.rwth-aachen.de\/en\/job\/project-manager-for-the-rental-department\/\"><strong>Project manager for the rental department<\/strong><\/a><\/h3>\n<\/div>\n<\/div>\n<\/div>\n<\/div>\n<\/div>\n<\/div>\n<div class=\"page\" title=\"Page 1\">\n<div class=\"layoutArea\">\n<div class=\"column\">\n<div class=\"page\" title=\"Page 3\">\n<div class=\"layoutArea\">\n<div class=\"column\">\n<p>The AStA has plenty of material and equipment for the organization of its own events. This is also offered free of charge to the student councils and student initiatives.<br \/>If you would like to support the rental process and are interested in the organization of our storage facilities and their order, you\u2019ve come to the right place!<\/p>\n<\/div>\n<\/div>\n<\/div>\n<\/div>\n<\/div>\n<\/div>\n<p>[\/et_pb_blurb][et_pb_blurb content_max_width=&#8221;1000px&#8221; disabled_on=&#8221;on|on|on&#8221; admin_label=&#8221;Ref Finanzen&#8221; _builder_version=&#8221;4.27.0&#8243; _module_preset=&#8221;default&#8221; disabled=&#8221;on&#8221; locked=&#8221;off&#8221; global_colors_info=&#8221;{}&#8221;]<\/p>\n<div class=\"page\" title=\"Page 1\">\n<div class=\"layoutArea\">\n<div class=\"column\">\n<div class=\"page\" title=\"Page 3\">\n<div class=\"layoutArea\">\n<div class=\"column\">\n<h3><a href=\"https:\/\/www.asta.rwth-aachen.de\/en\/job\/department-leader-for-sustainability-and-student-engagement-in-the-asta-2\/\"><strong>Department leader for Sustainability and Student Engagement in the AStA<\/strong><\/a><\/h3>\n<\/div>\n<\/div>\n<\/div>\n<\/div>\n<\/div>\n<\/div>\n<div class=\"page\" title=\"Page 1\">\n<div class=\"layoutArea\">\n<div class=\"column\">\n<div class=\"page\" title=\"Page 3\">\n<div class=\"layoutArea\">If you would like to work voluntarily for the student body, if you enjoy the implementation and support of sustainable projects at the university or the cooperation and support of student initiatives and student councils, the Department for Sustainability and Student Engagement is the right place for you!<\/div>\n<div class=\"layoutArea\"><\/div>\n<div class=\"layoutArea\">As department leader, you will be responsible for your own departement, which means that you will also be responsible for coordinating and leading a team of volunteer project managers.<\/div>\n<\/div>\n<\/div>\n<\/div>\n<\/div>\n<p>[\/et_pb_blurb][et_pb_blurb content_max_width=&#8221;1000px&#8221; disabled_on=&#8221;on|on|on&#8221; admin_label=&#8221;Ref Finanzen&#8221; _builder_version=&#8221;4.27.0&#8243; _module_preset=&#8221;default&#8221; disabled=&#8221;on&#8221; locked=&#8221;off&#8221; global_colors_info=&#8221;{}&#8221;]<\/p>\n<div class=\"page\" title=\"Page 1\">\n<div class=\"layoutArea\">\n<div class=\"column\">\n<div class=\"page\" title=\"Page 3\">\n<div class=\"layoutArea\">\n<div class=\"column\">\n<h3><a href=\"https:\/\/www.asta.rwth-aachen.de\/en\/job\/department-leader-for-cultural-affairs-in-the-asta\/\"><strong>Department leader for Cultural Affairs in the AStA<\/strong><\/a><\/h3>\n<\/div>\n<\/div>\n<\/div>\n<\/div>\n<\/div>\n<\/div>\n<div class=\"page\" title=\"Page 1\">\n<div class=\"layoutArea\">\n<div class=\"column\">\n<div class=\"page\" title=\"Page 3\">\n<div class=\"layoutArea\">\n<p>If you would like to work voluntarily for the student body, enjoy organizing cultural events and exchanging ideas with other players in the cultural scene or even have your own ideas for projects that promote the cultural education of students, for example, or that may have been missing in Aachen until now, the Department for Cultural Affairs is the right place for you!<\/p>\n<p>As department leader, you will be responsible for your own departement, which means that you will also be responsible for coordinating and leading a team of volunteer project managers who will support you or have their own projects.<\/p>\n<\/div>\n<\/div>\n<\/div>\n<\/div>\n<\/div>\n<p>[\/et_pb_blurb][et_pb_blurb content_max_width=&#8221;1000px&#8221; admin_label=&#8221;PL_Accessibility&#8221; _builder_version=&#8221;4.26.1&#8243; _module_preset=&#8221;default&#8221; global_colors_info=&#8221;{}&#8221;]<\/p>\n<div class=\"page\" title=\"Page 1\">\n<div class=\"layoutArea\">\n<div class=\"column\">\n<div class=\"page\" title=\"Page 3\">\n<div class=\"layoutArea\">\n<div class=\"column\">\n<h3 class=\"entry-title\"><a href=\"https:\/\/www.asta.rwth-aachen.de\/en\/job\/project-manager-for-accessibility\/\"><strong>Project manager for accessibility<\/strong><\/a><\/h3>\n<\/div>\n<\/div>\n<\/div>\n<\/div>\n<\/div>\n<\/div>\n<div class=\"page\" title=\"Page 1\">\n<div class=\"layoutArea\">\n<div class=\"column\">\n<div class=\"page\" title=\"Page 3\">\n<div class=\"layoutArea\">\n<div class=\"column\">\n<p>The AStA would like to open its events more to people with disabilities. To this end, information on accessibility is to be collected for every event that the AStA organizes and published in the form of a fact sheet. This should make it easier to find out what restrictions occur in an event room and what measures have been taken to reduce these restrictions. It is also intended to raise awareness of barriers and use the knowledge gained to improve the accessibility of our events.<\/p>\n<p>In the past, accessibility has played less of a role in the planning of events, but this is set to change in the future. However, this also means that internal knowledge is rather limited and certain structures still need to be created.<\/p>\n<p>If you want to get to grips with the topic of accessibility, gather information on it and develop concrete proposals for action, then you\u2019ve come to the right place!<\/p>\n<\/div>\n<\/div>\n<\/div>\n<\/div>\n<\/div>\n<\/div>\n<p>[\/et_pb_blurb][et_pb_blurb content_max_width=&#8221;1000px&#8221; disabled_on=&#8221;on|on|on&#8221; admin_label=&#8221;Ref Nachhaltigkeit&#8221; _builder_version=&#8221;4.21.0&#8243; _module_preset=&#8221;default&#8221; disabled=&#8221;on&#8221; global_colors_info=&#8221;{}&#8221;]<\/p>\n<div class=\"page\" title=\"Page 1\">\n<div class=\"layoutArea\">\n<div class=\"column\">\n<h3><a href=\"https:\/\/www.asta.rwth-aachen.de\/job\/antirassismusstelle\/\"><strong>Antirassismusstelle des Gleichstellungsprojekts der Studierendenschaft<\/strong><\/a><\/h3>\n<\/div>\n<\/div>\n<\/div>\n<div class=\"page\" title=\"Page 1\">\n<div class=\"layoutArea\">\n<div class=\"column\">\n<p>Du interessierst Dich f\u00fcr Gleichstellungsarbeit an Deiner Hochschule, studierst an der RWTH und hast bereits Erfahrungen mit Rassismus machen m\u00fcssen? Du w\u00fcrdest gerne etwas gegen Diskriminierung unternehmen und die RWTH in Antirassismusfragen voranbringen? Du hast Lust, Betreuungsarbeit zu leisten und Deine eigenen Ideen f\u00fcr Aktionen und Veranstaltungen umzusetzen?<\/p>\n<p>Dann bewirb Dich auf die vom Studierendenparlament der RWTH ins Leben gerufene Antirassismusstelle.<\/p>\n<\/div>\n<\/div>\n<\/div>\n<p>[\/et_pb_blurb][et_pb_blurb content_max_width=&#8221;1000px&#8221; disabled_on=&#8221;off|off|off&#8221; admin_label=&#8221;\u00d6A: Website&#8221; _builder_version=&#8221;4.27.4&#8243; _module_preset=&#8221;default&#8221; hover_enabled=&#8221;0&#8243; global_colors_info=&#8221;{}&#8221; sticky_enabled=&#8221;0&#8243;]<\/p>\n<h3>Project manager for the website<\/h3>\n<p>The Department of Public Relations and Political Education is looking for a project manager for the website<\/p>\n<p>This website is the central information platform of the AStA and thus also the key to bringing the AStA&#8217;s projects to the attention of the student body! Would you like to work on this website and help develop it further? Then get in touch with oeffentlichkeit@asta.rwth-aachen.de<\/p>\n<p>[\/et_pb_blurb][et_pb_blurb content_max_width=&#8221;1000px&#8221; disabled_on=&#8221;off|off|off&#8221; admin_label=&#8221;\u00d6A&#8221; _builder_version=&#8221;4.27.4&#8243; _module_preset=&#8221;default&#8221; global_colors_info=&#8221;{}&#8221;]<\/p>\n<h3><a href=\"https:\/\/www.asta.rwth-aachen.de\/job\/projektleiterin-fuer-oeffentlichkeitsarbeit\"><strong>Short Form Video Content Creator<\/strong><\/a><\/h3>\n<p>The Department for Public Relations and Political Education is seeking a project manager for public relations.<\/p>\n<p><span data-contrast=\"none\">If you&#8217;re creative and especially interested in short-form content you are at the right place! Come and join our team!<\/span><\/p>\n<p>If you&#8217;re interested reach out to oeffentlichkeit@asta.rwth-aachen.de!<\/p>\n<p>[\/et_pb_blurb][et_pb_blurb content_max_width=&#8221;1000px&#8221; disabled_on=&#8221;on|on|on&#8221; admin_label=&#8221;Systemadmin&#8221; _builder_version=&#8221;4.19.4&#8243; _module_preset=&#8221;default&#8221; disabled=&#8221;on&#8221; global_colors_info=&#8221;{}&#8221;]<\/p>\n<h3><a href=\"https:\/\/www.asta.rwth-aachen.de\/job\/projektleiterin-im-referat-fuer-finanzen-und-organisation\/#\"><strong>Projektleiter*in im Referat f\u00fcr Finanzen und Organisation<\/strong><\/a><\/h3>\n<p>Hast du Lust dich ehrenamtlich f\u00fcr die Studierendenschaft zu engagieren? Kennst du dich mit Systemadministration und hast Spa\u00df daran, im Team zu arbeiten?<\/p>\n<p>Wir suchen ab sofort Unterst\u00fctzung im Referat f\u00fcr Finanzen und Organisation des AStA. Das Referat ist f\u00fcr die IT-Administration zust\u00e4ndig und betreut unter anderem die Websites der Studierendenschaft und die Rechnerinfrastruktur des AStA.<\/p>\n<p>[\/et_pb_blurb][et_pb_blurb content_max_width=&#8221;1000px&#8221; disabled_on=&#8221;on|on|on&#8221; admin_label=&#8221;Wahlwebseite&#8221; _builder_version=&#8221;4.19.4&#8243; _module_preset=&#8221;default&#8221; width=&#8221;100%&#8221; disabled=&#8221;on&#8221; global_colors_info=&#8221;{}&#8221;]<\/p>\n<h3><strong><a href=\"https:\/\/www.asta.rwth-aachen.de\/en\/job\/project-manager-for-the-english-election-website\/\">Projektleiter*in f\u00fcr die englische Wahlwebseite<\/a><\/strong><\/h3>\n<h5>!Diese Position erfordert gute bis sehr gute Englischkenntnisse!<\/h5>\n<p>Hast du Lust, dich ehrenamtlich in der Studierendenschaft zu engagieren? Wir suchen Leute, die bei der Entwicklung und \u00dcbersetzung unserer Wahlwebsite helfen. Jede*r immatrikulierte Studierende kann bei den j\u00e4hrlichen Wahlen die Studierendenvertreter*innen w\u00e4hlen. Allerdings ist die Website derzeit haupts\u00e4chlich auf Deutsch und wir m\u00f6chten die Teilnahme an den Wahlen f\u00fcr internationale Studierende erleichtern. Au\u00dferdem sehen wir dies als einen Beitrag zur St\u00e4rkung der Demokratie.<\/p>\n<p>[\/et_pb_blurb][et_pb_blurb content_max_width=&#8221;1000px&#8221; disabled_on=&#8221;on|on|on&#8221; admin_label=&#8221;soziales&#8221; _builder_version=&#8221;4.21.0&#8243; _module_preset=&#8221;default&#8221; disabled=&#8221;on&#8221; global_colors_info=&#8221;{}&#8221;]<\/p>\n<h3><a href=\"https:\/\/www.asta.rwth-aachen.de\/job\/asta-der-rwth-aachen-38-das-sozialreferat-des-astas-sucht-dich\"><strong>Projektleiter*in im Referat f\u00fcr Soziales<\/strong><\/a><\/h3>\n<p>Du bist interessiert daran, anderen Studierenden zu helfen, in einem guten Team zu arbeiten, Projekte auszuarbeiten und viele Erfahrungen zu sammeln?<\/p>\n<p>Das Sozialreferat wird unterst\u00fctzt von mehreren ehrenamtlichen Studierenden, die in den Bereichen Baf\u00f6g, Wohnen, Jobben &amp; Krankenversicherung und Studieren mit Kind arbeiten. Damit das Team im Referat weiterhin sehr aktiv bleiben kann, braucht es eine Verst\u00e4rkung. Aktuell suchen wir Menschen, die die Beratung im Bereich Wohnen sowie BAf\u00f6G an je einem Tag in der Woche unterst\u00fctzt.<\/p>\n<p>[\/et_pb_blurb][\/et_pb_column][\/et_pb_row][\/et_pb_section]<\/p>\n","protected":false},"excerpt":{"rendered":"<p>Jobs im AStA On this page you will find job offers at the AStA of RWTH Aachen University, which are specifically aimed at students of RWTH Aachen University. Click on the headings to find out more about the positions. Would you like to volunteer in the student body? Then you&#8217;ve come to the right place. [&hellip;]<\/p>\n","protected":false},"author":1,"featured_media":0,"parent":0,"menu_order":0,"comment_status":"closed","ping_status":"closed","template":"","meta":{"_et_pb_use_builder":"on","_et_pb_old_content":"","_et_gb_content_width":"","episode_type":"","audio_file":"","podmotor_file_id":"","podmotor_episode_id":"","cover_image":"","cover_image_id":"","duration":"","filesize":"","filesize_raw":"","date_recorded":"","explicit":"","block":"","itunes_episode_number":"","itunes_title":"","itunes_season_number":"","itunes_episode_type":"","footnotes":""},"class_list":["post-39852","page","type-page","status-publish","hentry"],"publishpress_future_action":{"enabled":false,"date":"2026-05-09 13:42:45","action":"change-status","newStatus":"draft","terms":[],"taxonomy":"translation_priority","extraData":[]},"publishpress_future_workflow_manual_trigger":{"enabledWorkflows":[]},"_links":{"self":[{"href":"https:\/\/www.asta.rwth-aachen.de\/en\/wp-json\/wp\/v2\/pages\/39852","targetHints":{"allow":["GET"]}}],"collection":[{"href":"https:\/\/www.asta.rwth-aachen.de\/en\/wp-json\/wp\/v2\/pages"}],"about":[{"href":"https:\/\/www.asta.rwth-aachen.de\/en\/wp-json\/wp\/v2\/types\/page"}],"author":[{"embeddable":true,"href":"https:\/\/www.asta.rwth-aachen.de\/en\/wp-json\/wp\/v2\/users\/1"}],"replies":[{"embeddable":true,"href":"https:\/\/www.asta.rwth-aachen.de\/en\/wp-json\/wp\/v2\/comments?post=39852"}],"version-history":[{"count":9,"href":"https:\/\/www.asta.rwth-aachen.de\/en\/wp-json\/wp\/v2\/pages\/39852\/revisions"}],"predecessor-version":[{"id":59390,"href":"https:\/\/www.asta.rwth-aachen.de\/en\/wp-json\/wp\/v2\/pages\/39852\/revisions\/59390"}],"wp:attachment":[{"href":"https:\/\/www.asta.rwth-aachen.de\/en\/wp-json\/wp\/v2\/media?parent=39852"}],"curies":[{"name":"wp","href":"https:\/\/api.w.org\/{rel}","templated":true}]}}